{"id":1638,"date":"2025-09-02T10:38:48","date_gmt":"2025-09-02T15:38:48","guid":{"rendered":"https:\/\/colegioaleman.edu.co\/?page_id=1638"},"modified":"2025-11-07T14:46:32","modified_gmt":"2025-11-07T19:46:32","slug":"mensa-cafeteria","status":"publish","type":"page","link":"https:\/\/colegioaleman.edu.co\/en\/mensa-cafeteria\/","title":{"rendered":"Mensa \u2013 Cafeter\u00eda"},"content":{"rendered":"<div data-elementor-type=\"wp-page\" data-elementor-id=\"1638\" class=\"elementor elementor-1638\" data-elementor-post-type=\"page\">\n\t\t\t\t\t\t<section class=\"elementor-section elementor-top-section elementor-element elementor-element-ri9okhh elementor-section-content-middle elementor-section-boxed elementor-section-height-default elementor-section-height-default elementor-invisible\" data-id=\"ri9okhh\" data-element_type=\"section\" data-e-type=\"section\" data-settings=\"{&quot;background_background&quot;:&quot;classic&quot;,&quot;animation&quot;:&quot;bounceIn&quot;}\">\n\t\t\t\t\t\t\t<div class=\"elementor-background-overlay\"><\/div>\n\t\t\t\t\t\t\t<div class=\"elementor-container elementor-column-gap-no\">\n\t\t\t\t\t<div class=\"elementor-column elementor-col-50 elementor-top-column elementor-element elementor-element-5fcceb3\" data-id=\"5fcceb3\" data-element_type=\"column\" data-e-type=\"column\">\n\t\t\t<div class=\"elementor-widget-wrap elementor-element-populated\">\n\t\t\t\t\t\t<div class=\"elementor-element elementor-element-1726a4d elementor-widget elementor-widget-image\" data-id=\"1726a4d\" data-element_type=\"widget\" data-e-type=\"widget\" data-widget_type=\"image.default\">\n\t\t\t\t<div class=\"elementor-widget-container\">\n\t\t\t\t\t\t\t\t\t\t\t\t\t\t\t<img fetchpriority=\"high\" decoding=\"async\" width=\"1366\" height=\"768\" src=\"https:\/\/webcolegioalemanweb.s3.us-east-2.amazonaws.com\/wp-content\/uploads\/2025\/09\/02110348\/Diseno-sin-titulo-3.png\" class=\"attachment-full size-full wp-image-1640\" alt=\"\" srcset=\"https:\/\/webcolegioalemanweb.s3.us-east-2.amazonaws.com\/wp-content\/uploads\/2025\/09\/02110348\/Diseno-sin-titulo-3.png 1366w, https:\/\/webcolegioalemanweb.s3.us-east-2.amazonaws.com\/wp-content\/uploads\/2025\/09\/02110348\/Diseno-sin-titulo-3-300x169.png 300w, https:\/\/webcolegioalemanweb.s3.us-east-2.amazonaws.com\/wp-content\/uploads\/2025\/09\/02110348\/Diseno-sin-titulo-3-1024x576.png 1024w, https:\/\/webcolegioalemanweb.s3.us-east-2.amazonaws.com\/wp-content\/uploads\/2025\/09\/02110348\/Diseno-sin-titulo-3-768x432.png 768w, https:\/\/webcolegioalemanweb.s3.us-east-2.amazonaws.com\/wp-content\/uploads\/2025\/09\/02110348\/Diseno-sin-titulo-3-18x10.png 18w\" sizes=\"(max-width: 1366px) 100vw, 1366px\" \/>\t\t\t\t\t\t\t\t\t\t\t\t\t\t\t<\/div>\n\t\t\t\t<\/div>\n\t\t\t\t\t<\/div>\n\t\t<\/div>\n\t\t\t\t<div class=\"elementor-column elementor-col-50 elementor-top-column elementor-element elementor-element-04229e9\" data-id=\"04229e9\" data-element_type=\"column\" data-e-type=\"column\">\n\t\t\t<div class=\"elementor-widget-wrap elementor-element-populated\">\n\t\t\t\t\t\t<div class=\"elementor-element elementor-element-bdb5955 elementor-widget elementor-widget-heading\" data-id=\"bdb5955\" data-element_type=\"widget\" data-e-type=\"widget\" data-widget_type=\"heading.default\">\n\t\t\t\t<div class=\"elementor-widget-container\">\n\t\t\t\t\t<h2 class=\"elementor-heading-title elementor-size-default\">Mensa \u2013 cafeter\u00eda escolar saludable<\/h2>\t\t\t\t<\/div>\n\t\t\t\t<\/div>\n\t\t\t\t<div class=\"elementor-element elementor-element-b1bbbe1 elementor-widget elementor-widget-text-editor\" data-id=\"b1bbbe1\" data-element_type=\"widget\" data-e-type=\"widget\" data-widget_type=\"text-editor.default\">\n\t\t\t\t<div class=\"elementor-widget-container\">\n\t\t\t\t\t\t\t\t\t<p>En el <strong>German School of Barranquilla<\/strong> la alimentaci\u00f3n es parte esencial de nuestra formaci\u00f3n. En conjunto con<strong data-start=\"393\" data-end=\"433\">\u00a0Mariatere SAS<\/strong>, empresa l\u00edder en nutrici\u00f3n escolar, nuestros estudiantes pueden disfrutar diariamente men\u00fas saludables, seguros y balanceados.<\/p>\t\t\t\t\t\t\t\t<\/div>\n\t\t\t\t<\/div>\n\t\t\t\t\t<\/div>\n\t\t<\/div>\n\t\t\t\t\t<\/div>\n\t\t<\/section>\n\t\t\t\t<section class=\"elementor-section elementor-top-section elementor-element elementor-element-cj94n1y elementor-section-full_width elementor-section-content-middle elementor-section-height-default elementor-section-height-default elementor-invisible\" data-id=\"cj94n1y\" data-element_type=\"section\" data-e-type=\"section\" data-settings=\"{&quot;animation&quot;:&quot;zoomIn&quot;}\">\n\t\t\t\t\t\t<div class=\"elementor-container elementor-column-gap-no\">\n\t\t\t\t\t<div class=\"elementor-column elementor-col-33 elementor-top-column elementor-element elementor-element-cce1d95\" data-id=\"cce1d95\" data-element_type=\"column\" data-e-type=\"column\" data-settings=\"{&quot;background_background&quot;:&quot;classic&quot;}\">\n\t\t\t<div class=\"elementor-widget-wrap elementor-element-populated\">\n\t\t\t\t\t\t<div class=\"elementor-element elementor-element-dc4e96d elementor-widget elementor-widget-heading\" data-id=\"dc4e96d\" data-element_type=\"widget\" data-e-type=\"widget\" data-widget_type=\"heading.default\">\n\t\t\t\t<div class=\"elementor-widget-container\">\n\t\t\t\t\t<h4 class=\"elementor-heading-title elementor-size-default\">\n\n<\/h4>\t\t\t\t<\/div>\n\t\t\t\t<\/div>\n\t\t\t\t<div class=\"elementor-element elementor-element-0677353 elementor-widget elementor-widget-heading\" data-id=\"0677353\" data-element_type=\"widget\" data-e-type=\"widget\" data-widget_type=\"heading.default\">\n\t\t\t\t<div class=\"elementor-widget-container\">\n\t\t\t\t\t<h3 class=\"elementor-heading-title elementor-size-default\">Alimentaci\u00f3n saludable, <br> como parte de la formaci\u00f3n integral<\/h3>\t\t\t\t<\/div>\n\t\t\t\t<\/div>\n\t\t\t\t<div class=\"elementor-element elementor-element-2c69c11 elementor-widget elementor-widget-text-editor\" data-id=\"2c69c11\" data-element_type=\"widget\" data-e-type=\"widget\" data-widget_type=\"text-editor.default\">\n\t\t\t\t<div class=\"elementor-widget-container\">\n\t\t\t\t\t\t\t\t\t<p data-start=\"212\" data-end=\"462\">En nuestra cafeter\u00eda promovemos una <strong data-start=\"910\" data-end=\"951\">alimentaci\u00f3n equilibrada y consciente<\/strong>. Gracias a men\u00fas que aportan <strong data-start=\"983\" data-end=\"1017\">nutrici\u00f3n, energ\u00eda y bienestar<\/strong>, fortalecemos tanto el desarrollo f\u00edsico como el desempe\u00f1o acad\u00e9mico de nuestros estudiantes.<\/p>\t\t\t\t\t\t\t\t<\/div>\n\t\t\t\t<\/div>\n\t\t\t\t\t<\/div>\n\t\t<\/div>\n\t\t\t\t<div class=\"elementor-column elementor-col-66 elementor-top-column elementor-element elementor-element-7fa7900\" data-id=\"7fa7900\" data-element_type=\"column\" data-e-type=\"column\" data-settings=\"{&quot;background_background&quot;:&quot;classic&quot;}\">\n\t\t\t<div class=\"elementor-widget-wrap elementor-element-populated\">\n\t\t\t\t\t<div class=\"elementor-background-overlay\"><\/div>\n\t\t\t\t\t\t<section class=\"elementor-section elementor-inner-section elementor-element elementor-element-53ecbb3 elementor-section-boxed elementor-section-height-default elementor-section-height-default\" data-id=\"53ecbb3\" data-element_type=\"section\" data-e-type=\"section\" data-settings=\"{&quot;background_background&quot;:&quot;classic&quot;}\">\n\t\t\t\t\t\t<div class=\"elementor-container elementor-column-gap-default\">\n\t\t\t\t\t<div class=\"elementor-column elementor-col-50 elementor-inner-column elementor-element elementor-element-1f52449\" data-id=\"1f52449\" data-element_type=\"column\" data-e-type=\"column\">\n\t\t\t<div class=\"elementor-widget-wrap elementor-element-populated\">\n\t\t\t\t\t\t<div class=\"elementor-element elementor-element-448936b elementor-widget elementor-widget-icon-box\" data-id=\"448936b\" data-element_type=\"widget\" data-e-type=\"widget\" data-widget_type=\"icon-box.default\">\n\t\t\t\t<div class=\"elementor-widget-container\">\n\t\t\t\t\t\t\t<div class=\"elementor-icon-box-wrapper\">\n\n\t\t\t\n\t\t\t\t\t\t<div class=\"elementor-icon-box-content\">\n\n\t\t\t\t\t\t\t\t\t<h3 class=\"elementor-icon-box-title\">\n\t\t\t\t\t\t<span  >\n\t\t\t\t\t\t\t\ud83c\udf4f\u00bfQu\u00e9 ofrecemos en la cafeter\u00eda?\t\t\t\t\t\t<\/span>\n\t\t\t\t\t<\/h3>\n\t\t\t\t\n\t\t\t\t\t\t\t\t\t<p class=\"elementor-icon-box-description\">\n\t\t\t\t\t\tMeriendas y almuerzos balanceados, preparados bajo normas internacionales de seguridad alimentaria (BPM y HACCP). <br> <br>\n\nMen\u00fas nutritivos y variados, que incluyen prote\u00ednas, vegetales, frutas, cereales y l\u00e1cteos. <br> <br>\n\nOpciones personalizadas para estudiantes con alergias, dietas espec\u00edficas o necesidades especiales.\n\nAcompa\u00f1amiento nutricional profesional que fomenta h\u00e1bitos saludables desde la infancia.\t\t\t\t\t<\/p>\n\t\t\t\t\n\t\t\t<\/div>\n\t\t\t\n\t\t<\/div>\n\t\t\t\t\t\t<\/div>\n\t\t\t\t<\/div>\n\t\t\t\t\t<\/div>\n\t\t<\/div>\n\t\t\t\t<div class=\"elementor-column elementor-col-50 elementor-inner-column elementor-element elementor-element-0205d33\" data-id=\"0205d33\" data-element_type=\"column\" data-e-type=\"column\">\n\t\t\t<div class=\"elementor-widget-wrap elementor-element-populated\">\n\t\t\t\t\t\t<div class=\"elementor-element elementor-element-6d5426f elementor-widget elementor-widget-icon-box\" data-id=\"6d5426f\" data-element_type=\"widget\" data-e-type=\"widget\" data-widget_type=\"icon-box.default\">\n\t\t\t\t<div class=\"elementor-widget-container\">\n\t\t\t\t\t\t\t<div class=\"elementor-icon-box-wrapper\">\n\n\t\t\t\n\t\t\t\t\t\t<div class=\"elementor-icon-box-content\">\n\n\t\t\t\t\t\t\t\t\t<h3 class=\"elementor-icon-box-title\">\n\t\t\t\t\t\t<span  >\n\t\t\t\t\t\t\t\ud83c\udf1fBeneficios para las familias\t\t\t\t\t\t<\/span>\n\t\t\t\t\t<\/h3>\n\t\t\t\t\n\t\t\t\t\t\t\t\t\t<p class=\"elementor-icon-box-description\">\n\t\t\t\t\t\tTranquilidad y confianza en la calidad y valor nutricional de los alimentos. <br> <br>\n\nAhorro de tiempo, con opciones listas y bien planificadas para cada jornada. <br> <br>\n\nFlexibilidad para adquirir paquetes mensuales o por jornada, seg\u00fan las necesidades de cada familia.\t\t\t\t\t<\/p>\n\t\t\t\t\n\t\t\t<\/div>\n\t\t\t\n\t\t<\/div>\n\t\t\t\t\t\t<\/div>\n\t\t\t\t<\/div>\n\t\t\t\t\t<\/div>\n\t\t<\/div>\n\t\t\t\t\t<\/div>\n\t\t<\/section>\n\t\t\t\t<section class=\"elementor-section elementor-inner-section elementor-element elementor-element-658c637 elementor-section-boxed elementor-section-height-default elementor-section-height-default\" data-id=\"658c637\" data-element_type=\"section\" data-e-type=\"section\" data-settings=\"{&quot;background_background&quot;:&quot;classic&quot;}\">\n\t\t\t\t\t\t<div class=\"elementor-container elementor-column-gap-default\">\n\t\t\t\t\t<div class=\"elementor-column elementor-col-50 elementor-inner-column elementor-element elementor-element-bfedf02\" data-id=\"bfedf02\" data-element_type=\"column\" data-e-type=\"column\">\n\t\t\t<div class=\"elementor-widget-wrap elementor-element-populated\">\n\t\t\t\t\t\t<div class=\"elementor-element elementor-element-55c96f1 elementor-widget__width-initial elementor-widget elementor-widget-icon-box\" data-id=\"55c96f1\" data-element_type=\"widget\" data-e-type=\"widget\" data-widget_type=\"icon-box.default\">\n\t\t\t\t<div class=\"elementor-widget-container\">\n\t\t\t\t\t\t\t<div class=\"elementor-icon-box-wrapper\">\n\n\t\t\t\n\t\t\t\t\t\t<div class=\"elementor-icon-box-content\">\n\n\t\t\t\t\t\t\t\t\t<h3 class=\"elementor-icon-box-title\">\n\t\t\t\t\t\t<span  >\n\t\t\t\t\t\t\t\ud83e\uddc3Paquetes de meriendas especiales (Kindergarten a Klasse 3)\t\t\t\t\t\t<\/span>\n\t\t\t\t\t<\/h3>\n\t\t\t\t\n\t\t\t\t\t\t\t\t\t<p class=\"elementor-icon-box-description\">\n\t\t\t\t\t\tLos padres de familia podr\u00e1n adquirir los paquetes de meriendas especiales realizando el pago en la Cuenta de Ahorros Bancolombia 442-000082-86 a nombre de Servicios de Alimentos Mariatere SAS \u2013 NIT 901008133. <br><br>\n\ud83d\udc47 Diligencia aqu\u00ed el formulario de inscripci\u00f3n\t\t\t\t\t<\/p>\n\t\t\t\t\n\t\t\t<\/div>\n\t\t\t\n\t\t<\/div>\n\t\t\t\t\t\t<\/div>\n\t\t\t\t<\/div>\n\t\t\t\t<div class=\"elementor-element elementor-element-bd6cb2c elementor-align-center elementor-widget elementor-widget-button\" data-id=\"bd6cb2c\" data-element_type=\"widget\" data-e-type=\"widget\" data-widget_type=\"button.default\">\n\t\t\t\t<div class=\"elementor-widget-container\">\n\t\t\t\t\t\t\t\t\t<div class=\"elementor-button-wrapper\">\n\t\t\t\t\t<a class=\"elementor-button elementor-button-link elementor-size-sm\" href=\"https:\/\/www.mariaterepineda.com\/meriendasaleman\">\n\t\t\t\t\t\t<span class=\"elementor-button-content-wrapper\">\n\t\t\t\t\t\t\t\t\t<span class=\"elementor-button-text\">Formulario<\/span>\n\t\t\t\t\t<\/span>\n\t\t\t\t\t<\/a>\n\t\t\t\t<\/div>\n\t\t\t\t\t\t\t\t<\/div>\n\t\t\t\t<\/div>\n\t\t\t\t\t<\/div>\n\t\t<\/div>\n\t\t\t\t<div class=\"elementor-column elementor-col-50 elementor-inner-column elementor-element elementor-element-1c6e37e\" data-id=\"1c6e37e\" data-element_type=\"column\" data-e-type=\"column\">\n\t\t\t<div class=\"elementor-widget-wrap elementor-element-populated\">\n\t\t\t\t\t\t<div class=\"elementor-element elementor-element-8c8d3f8 elementor-widget__width-initial elementor-widget elementor-widget-icon-box\" data-id=\"8c8d3f8\" data-element_type=\"widget\" data-e-type=\"widget\" data-widget_type=\"icon-box.default\">\n\t\t\t\t<div class=\"elementor-widget-container\">\n\t\t\t\t\t\t\t<div class=\"elementor-icon-box-wrapper\">\n\n\t\t\t\n\t\t\t\t\t\t<div class=\"elementor-icon-box-content\">\n\n\t\t\t\t\t\t\t\t\t<h3 class=\"elementor-icon-box-title\">\n\t\t\t\t\t\t<span  >\n\t\t\t\t\t\t\t\ud83c\udf7d\ufe0f Almuerzos con Biofood\t\t\t\t\t\t<\/span>\n\t\t\t\t\t<\/h3>\n\t\t\t\t\n\t\t\t\t\t\t\t\t\t<p class=\"elementor-icon-box-description\">\n\t\t\t\t\t\tLos planes de almuerzo se gestionan f\u00e1cilmente a trav\u00e9s de la plataforma Biofood, con un men\u00fa variado que incluye opciones vegetarianas y especiales. <br> <br>\n\ud83d\udccc Nota: los platos del men\u00fa especial deben solicitarse antes de las 9:00 a. m. y contar con saldo suficiente en la cuenta.\t\t\t\t\t<\/p>\n\t\t\t\t\n\t\t\t<\/div>\n\t\t\t\n\t\t<\/div>\n\t\t\t\t\t\t<\/div>\n\t\t\t\t<\/div>\n\t\t\t\t\t<\/div>\n\t\t<\/div>\n\t\t\t\t\t<\/div>\n\t\t<\/section>\n\t\t\t\t\t<\/div>\n\t\t<\/div>\n\t\t\t\t\t<\/div>\n\t\t<\/section>\n\t\t\t\t<section class=\"elementor-section elementor-top-section elementor-element elementor-element-zgetsn1 elementor-section-content-middle elementor-section-boxed elementor-section-height-default elementor-section-height-default elementor-invisible\" data-id=\"zgetsn1\" data-element_type=\"section\" data-e-type=\"section\" data-settings=\"{&quot;background_background&quot;:&quot;classic&quot;,&quot;animation&quot;:&quot;slideInDown&quot;}\">\n\t\t\t\t\t\t\t<div class=\"elementor-background-overlay\"><\/div>\n\t\t\t\t\t\t\t<div class=\"elementor-container elementor-column-gap-no\">\n\t\t\t\t\t<div class=\"elementor-column elementor-col-50 elementor-top-column elementor-element elementor-element-e081935\" data-id=\"e081935\" data-element_type=\"column\" data-e-type=\"column\">\n\t\t\t<div class=\"elementor-widget-wrap elementor-element-populated\">\n\t\t\t\t\t\t<div class=\"elementor-element elementor-element-23ad103 elementor-widget__width-initial elementor-widget elementor-widget-heading\" data-id=\"23ad103\" data-element_type=\"widget\" data-e-type=\"widget\" data-widget_type=\"heading.default\">\n\t\t\t\t<div class=\"elementor-widget-container\">\n\t\t\t\t\t<h3 class=\"elementor-heading-title elementor-size-default\">\ud83d\udcde Contacto Mariatere<\/h3>\t\t\t\t<\/div>\n\t\t\t\t<\/div>\n\t\t\t\t<div class=\"elementor-element elementor-element-4be22f6 elementor-widget elementor-widget-text-editor\" data-id=\"4be22f6\" data-element_type=\"widget\" data-e-type=\"widget\" data-widget_type=\"text-editor.default\">\n\t\t\t\t<div class=\"elementor-widget-container\">\n\t\t\t\t\t\t\t\t\t<p>\u00a0<\/p><ul data-start=\"2114\" data-end=\"2191\"><li data-start=\"2114\" data-end=\"2157\"><p data-start=\"2116\" data-end=\"2157\">\u2709\ufe0f <strong data-start=\"2119\" data-end=\"2130\">Correo:<\/strong> <a class=\"decorated-link cursor-pointer\" rel=\"noopener\" data-start=\"2131\" data-end=\"2155\">adminaleman@mtpineda.com<\/a><\/p><\/li><li data-start=\"2158\" data-end=\"2191\"><p data-start=\"2160\" data-end=\"2191\">\ud83d\udcf1 <strong data-start=\"2163\" data-end=\"2176\">WhatsApp:<\/strong> 302 700 9629<\/p><\/li><\/ul><p data-start=\"2198\" data-end=\"2367\">\u00a0<\/p>\t\t\t\t\t\t\t\t<\/div>\n\t\t\t\t<\/div>\n\t\t\t\t\t<\/div>\n\t\t<\/div>\n\t\t\t\t<div class=\"elementor-column elementor-col-50 elementor-top-column elementor-element elementor-element-9648cbf\" data-id=\"9648cbf\" data-element_type=\"column\" data-e-type=\"column\">\n\t\t\t<div class=\"elementor-widget-wrap elementor-element-populated\">\n\t\t\t\t\t\t<div class=\"elementor-element elementor-element-e0609b5 elementor-widget__width-initial elementor-widget elementor-widget-heading\" data-id=\"e0609b5\" data-element_type=\"widget\" data-e-type=\"widget\" data-widget_type=\"heading.default\">\n\t\t\t\t<div class=\"elementor-widget-container\">\n\t\t\t\t\t<h3 class=\"elementor-heading-title elementor-size-default\">\ud83c\udf4eEn nuestro Colegio Alem\u00e1n<\/h3>\t\t\t\t<\/div>\n\t\t\t\t<\/div>\n\t\t\t\t<div class=\"elementor-element elementor-element-61c000b elementor-widget elementor-widget-text-editor\" data-id=\"61c000b\" data-element_type=\"widget\" data-e-type=\"widget\" data-widget_type=\"text-editor.default\">\n\t\t\t\t<div class=\"elementor-widget-container\">\n\t\t\t\t\t\t\t\t\t<p>educamos en h\u00e1bitos de vida saludable, promoviendo el bienestar de todos nuestros estudiantes.<\/p>\t\t\t\t\t\t\t\t<\/div>\n\t\t\t\t<\/div>\n\t\t\t\t\t<\/div>\n\t\t<\/div>\n\t\t\t\t\t<\/div>\n\t\t<\/section>\n\t\t\t\t<\/div>","protected":false},"excerpt":{"rendered":"<p>Mensa \u2013 cafeter\u00eda escolar saludable En el Colegio Alem\u00e1n de Barranquilla la alimentaci\u00f3n es parte esencial de nuestra formaci\u00f3n. En conjunto con\u00a0Mariatere SAS, empresa l\u00edder en nutrici\u00f3n escolar, nuestros estudiantes pueden disfrutar diariamente men\u00fas saludables, seguros y balanceados. Alimentaci\u00f3n saludable, como parte de la formaci\u00f3n integral En nuestra cafeter\u00eda promovemos una alimentaci\u00f3n equilibrada y consciente. [&hellip;]<\/p>\n","protected":false},"author":1,"featured_media":0,"parent":0,"menu_order":0,"comment_status":"closed","ping_status":"closed","template":"","meta":{"footnotes":""},"class_list":["post-1638","page","type-page","status-publish","hentry"],"yoast_head":"<!-- This site is optimized with the Yoast SEO plugin v27.4 - https:\/\/yoast.com\/product\/yoast-seo-wordpress\/ -->\n<title>Mensa \u2013 Cafeter\u00eda - Colegio Alem\u00e1n de Barranquilla<\/title>\n<meta name=\"robots\" content=\"index, follow, max-snippet:-1, max-image-preview:large, max-video-preview:-1\" \/>\n<link rel=\"canonical\" href=\"https:\/\/colegioaleman.edu.co\/en\/mensa-cafeteria\/\" \/>\n<meta property=\"og:locale\" content=\"en_GB\" \/>\n<meta property=\"og:type\" content=\"article\" \/>\n<meta property=\"og:title\" content=\"Mensa \u2013 Cafeter\u00eda - Colegio Alem\u00e1n de Barranquilla\" \/>\n<meta property=\"og:description\" content=\"Mensa \u2013 cafeter\u00eda escolar saludable En el Colegio Alem\u00e1n de Barranquilla la alimentaci\u00f3n es parte esencial de nuestra formaci\u00f3n. En conjunto con\u00a0Mariatere SAS, empresa l\u00edder en nutrici\u00f3n escolar, nuestros estudiantes pueden disfrutar diariamente men\u00fas saludables, seguros y balanceados. Alimentaci\u00f3n saludable, como parte de la formaci\u00f3n integral En nuestra cafeter\u00eda promovemos una alimentaci\u00f3n equilibrada y consciente. [&hellip;]\" \/>\n<meta property=\"og:url\" content=\"https:\/\/colegioaleman.edu.co\/en\/mensa-cafeteria\/\" \/>\n<meta property=\"og:site_name\" content=\"Colegio Alem\u00e1n de Barranquilla\" \/>\n<meta property=\"article:publisher\" content=\"https:\/\/www.facebook.com\/ColegioAlemanBaq\" \/>\n<meta property=\"article:modified_time\" content=\"2025-11-07T19:46:32+00:00\" \/>\n<meta property=\"og:image\" content=\"https:\/\/colegioaleman.edu.co\/wp-content\/uploads\/2025\/09\/Diseno-sin-titulo-3.png\" \/>\n<meta name=\"twitter:card\" content=\"summary_large_image\" \/>\n<meta name=\"twitter:label1\" content=\"Estimated reading time\" \/>\n\t<meta name=\"twitter:data1\" content=\"1 minute\" \/>\n<script type=\"application\/ld+json\" class=\"yoast-schema-graph\">{\"@context\":\"https:\\\/\\\/schema.org\",\"@graph\":[{\"@type\":\"WebPage\",\"@id\":\"https:\\\/\\\/colegioaleman.edu.co\\\/mensa-cafeteria\\\/\",\"url\":\"https:\\\/\\\/colegioaleman.edu.co\\\/mensa-cafeteria\\\/\",\"name\":\"Mensa \u2013 Cafeter\u00eda - Colegio Alem\u00e1n de Barranquilla\",\"isPartOf\":{\"@id\":\"https:\\\/\\\/colegioaleman.edu.co\\\/#website\"},\"primaryImageOfPage\":{\"@id\":\"https:\\\/\\\/colegioaleman.edu.co\\\/mensa-cafeteria\\\/#primaryimage\"},\"image\":{\"@id\":\"https:\\\/\\\/colegioaleman.edu.co\\\/mensa-cafeteria\\\/#primaryimage\"},\"thumbnailUrl\":\"https:\\\/\\\/colegioaleman.edu.co\\\/wp-content\\\/uploads\\\/2025\\\/09\\\/Diseno-sin-titulo-3.png\",\"datePublished\":\"2025-09-02T15:38:48+00:00\",\"dateModified\":\"2025-11-07T19:46:32+00:00\",\"breadcrumb\":{\"@id\":\"https:\\\/\\\/colegioaleman.edu.co\\\/mensa-cafeteria\\\/#breadcrumb\"},\"inLanguage\":\"en-GB\",\"potentialAction\":[{\"@type\":\"ReadAction\",\"target\":[\"https:\\\/\\\/colegioaleman.edu.co\\\/mensa-cafeteria\\\/\"]}]},{\"@type\":\"ImageObject\",\"inLanguage\":\"en-GB\",\"@id\":\"https:\\\/\\\/colegioaleman.edu.co\\\/mensa-cafeteria\\\/#primaryimage\",\"url\":\"https:\\\/\\\/colegioaleman.edu.co\\\/wp-content\\\/uploads\\\/2025\\\/09\\\/Diseno-sin-titulo-3.png\",\"contentUrl\":\"https:\\\/\\\/colegioaleman.edu.co\\\/wp-content\\\/uploads\\\/2025\\\/09\\\/Diseno-sin-titulo-3.png\"},{\"@type\":\"BreadcrumbList\",\"@id\":\"https:\\\/\\\/colegioaleman.edu.co\\\/mensa-cafeteria\\\/#breadcrumb\",\"itemListElement\":[{\"@type\":\"ListItem\",\"position\":1,\"name\":\"Inicio\",\"item\":\"https:\\\/\\\/colegioaleman.edu.co\\\/\"},{\"@type\":\"ListItem\",\"position\":2,\"name\":\"Mensa \u2013 Cafeter\u00eda\"}]},{\"@type\":\"WebSite\",\"@id\":\"https:\\\/\\\/colegioaleman.edu.co\\\/#website\",\"url\":\"https:\\\/\\\/colegioaleman.edu.co\\\/\",\"name\":\"Colegio Alem\u00e1n de Barranquilla\",\"description\":\"Colegio Alem\u00e1n de Barranquilla - Educaci\u00f3n Triling\u00fce Internacional\",\"publisher\":{\"@id\":\"https:\\\/\\\/colegioaleman.edu.co\\\/#organization\"},\"potentialAction\":[{\"@type\":\"SearchAction\",\"target\":{\"@type\":\"EntryPoint\",\"urlTemplate\":\"https:\\\/\\\/colegioaleman.edu.co\\\/?s={search_term_string}\"},\"query-input\":{\"@type\":\"PropertyValueSpecification\",\"valueRequired\":true,\"valueName\":\"search_term_string\"}}],\"inLanguage\":\"en-GB\"},{\"@type\":\"Organization\",\"@id\":\"https:\\\/\\\/colegioaleman.edu.co\\\/#organization\",\"name\":\"Colegio Alem\u00e1n de Barranquilla\",\"url\":\"https:\\\/\\\/colegioaleman.edu.co\\\/\",\"logo\":{\"@type\":\"ImageObject\",\"inLanguage\":\"en-GB\",\"@id\":\"https:\\\/\\\/colegioaleman.edu.co\\\/#\\\/schema\\\/logo\\\/image\\\/\",\"url\":\"https:\\\/\\\/webcolegioalemanweb.s3.us-east-2.amazonaws.com\\\/wp-content\\\/uploads\\\/2025\\\/05\\\/19131621\\\/cropped-cropped-iguana-3.png\",\"contentUrl\":\"https:\\\/\\\/webcolegioalemanweb.s3.us-east-2.amazonaws.com\\\/wp-content\\\/uploads\\\/2025\\\/05\\\/19131621\\\/cropped-cropped-iguana-3.png\",\"width\":511,\"height\":360,\"caption\":\"Colegio Alem\u00e1n de Barranquilla\"},\"image\":{\"@id\":\"https:\\\/\\\/colegioaleman.edu.co\\\/#\\\/schema\\\/logo\\\/image\\\/\"},\"sameAs\":[\"https:\\\/\\\/www.facebook.com\\\/ColegioAlemanBaq\",\"https:\\\/\\\/www.instagram.com\\\/colegioalemanbaq\\\/\",\"https:\\\/\\\/www.youtube.com\\\/@Colegioalemanbaq\"]}]}<\/script>\n<!-- \/ Yoast SEO plugin. -->","yoast_head_json":{"title":"Mensa \u2013 Cafeter\u00eda - Colegio Alem\u00e1n de Barranquilla","robots":{"index":"index","follow":"follow","max-snippet":"max-snippet:-1","max-image-preview":"max-image-preview:large","max-video-preview":"max-video-preview:-1"},"canonical":"https:\/\/colegioaleman.edu.co\/en\/mensa-cafeteria\/","og_locale":"en_GB","og_type":"article","og_title":"Mensa \u2013 Cafeter\u00eda - Colegio Alem\u00e1n de Barranquilla","og_description":"Mensa \u2013 cafeter\u00eda escolar saludable En el Colegio Alem\u00e1n de Barranquilla la alimentaci\u00f3n es parte esencial de nuestra formaci\u00f3n. En conjunto con\u00a0Mariatere SAS, empresa l\u00edder en nutrici\u00f3n escolar, nuestros estudiantes pueden disfrutar diariamente men\u00fas saludables, seguros y balanceados. Alimentaci\u00f3n saludable, como parte de la formaci\u00f3n integral En nuestra cafeter\u00eda promovemos una alimentaci\u00f3n equilibrada y consciente. [&hellip;]","og_url":"https:\/\/colegioaleman.edu.co\/en\/mensa-cafeteria\/","og_site_name":"Colegio Alem\u00e1n de Barranquilla","article_publisher":"https:\/\/www.facebook.com\/ColegioAlemanBaq","article_modified_time":"2025-11-07T19:46:32+00:00","og_image":[{"url":"https:\/\/colegioaleman.edu.co\/wp-content\/uploads\/2025\/09\/Diseno-sin-titulo-3.png","type":"","width":"","height":""}],"twitter_card":"summary_large_image","twitter_misc":{"Estimated reading time":"1 minute"},"schema":{"@context":"https:\/\/schema.org","@graph":[{"@type":"WebPage","@id":"https:\/\/colegioaleman.edu.co\/mensa-cafeteria\/","url":"https:\/\/colegioaleman.edu.co\/mensa-cafeteria\/","name":"Mensa \u2013 Cafeter\u00eda - Colegio Alem\u00e1n de Barranquilla","isPartOf":{"@id":"https:\/\/colegioaleman.edu.co\/#website"},"primaryImageOfPage":{"@id":"https:\/\/colegioaleman.edu.co\/mensa-cafeteria\/#primaryimage"},"image":{"@id":"https:\/\/colegioaleman.edu.co\/mensa-cafeteria\/#primaryimage"},"thumbnailUrl":"https:\/\/colegioaleman.edu.co\/wp-content\/uploads\/2025\/09\/Diseno-sin-titulo-3.png","datePublished":"2025-09-02T15:38:48+00:00","dateModified":"2025-11-07T19:46:32+00:00","breadcrumb":{"@id":"https:\/\/colegioaleman.edu.co\/mensa-cafeteria\/#breadcrumb"},"inLanguage":"en-GB","potentialAction":[{"@type":"ReadAction","target":["https:\/\/colegioaleman.edu.co\/mensa-cafeteria\/"]}]},{"@type":"ImageObject","inLanguage":"en-GB","@id":"https:\/\/colegioaleman.edu.co\/mensa-cafeteria\/#primaryimage","url":"https:\/\/colegioaleman.edu.co\/wp-content\/uploads\/2025\/09\/Diseno-sin-titulo-3.png","contentUrl":"https:\/\/colegioaleman.edu.co\/wp-content\/uploads\/2025\/09\/Diseno-sin-titulo-3.png"},{"@type":"BreadcrumbList","@id":"https:\/\/colegioaleman.edu.co\/mensa-cafeteria\/#breadcrumb","itemListElement":[{"@type":"ListItem","position":1,"name":"Inicio","item":"https:\/\/colegioaleman.edu.co\/"},{"@type":"ListItem","position":2,"name":"Mensa \u2013 Cafeter\u00eda"}]},{"@type":"WebSite","@id":"https:\/\/colegioaleman.edu.co\/#website","url":"https:\/\/colegioaleman.edu.co\/","name":"German School of Barranquilla","description":"Colegio Alem\u00e1n de Barranquilla - Educaci\u00f3n Triling\u00fce Internacional","publisher":{"@id":"https:\/\/colegioaleman.edu.co\/#organization"},"potentialAction":[{"@type":"SearchAction","target":{"@type":"EntryPoint","urlTemplate":"https:\/\/colegioaleman.edu.co\/?s={search_term_string}"},"query-input":{"@type":"PropertyValueSpecification","valueRequired":true,"valueName":"search_term_string"}}],"inLanguage":"en-GB"},{"@type":"Organization","@id":"https:\/\/colegioaleman.edu.co\/#organization","name":"German School of Barranquilla","url":"https:\/\/colegioaleman.edu.co\/","logo":{"@type":"ImageObject","inLanguage":"en-GB","@id":"https:\/\/colegioaleman.edu.co\/#\/schema\/logo\/image\/","url":"https:\/\/webcolegioalemanweb.s3.us-east-2.amazonaws.com\/wp-content\/uploads\/2025\/05\/19131621\/cropped-cropped-iguana-3.png","contentUrl":"https:\/\/webcolegioalemanweb.s3.us-east-2.amazonaws.com\/wp-content\/uploads\/2025\/05\/19131621\/cropped-cropped-iguana-3.png","width":511,"height":360,"caption":"Colegio Alem\u00e1n de Barranquilla"},"image":{"@id":"https:\/\/colegioaleman.edu.co\/#\/schema\/logo\/image\/"},"sameAs":["https:\/\/www.facebook.com\/ColegioAlemanBaq","https:\/\/www.instagram.com\/colegioalemanbaq\/","https:\/\/www.youtube.com\/@Colegioalemanbaq"]}]}},"_links":{"self":[{"href":"https:\/\/colegioaleman.edu.co\/en\/wp-json\/wp\/v2\/pages\/1638","targetHints":{"allow":["GET"]}}],"collection":[{"href":"https:\/\/colegioaleman.edu.co\/en\/wp-json\/wp\/v2\/pages"}],"about":[{"href":"https:\/\/colegioaleman.edu.co\/en\/wp-json\/wp\/v2\/types\/page"}],"author":[{"embeddable":true,"href":"https:\/\/colegioaleman.edu.co\/en\/wp-json\/wp\/v2\/users\/1"}],"replies":[{"embeddable":true,"href":"https:\/\/colegioaleman.edu.co\/en\/wp-json\/wp\/v2\/comments?post=1638"}],"version-history":[{"count":5,"href":"https:\/\/colegioaleman.edu.co\/en\/wp-json\/wp\/v2\/pages\/1638\/revisions"}],"predecessor-version":[{"id":2672,"href":"https:\/\/colegioaleman.edu.co\/en\/wp-json\/wp\/v2\/pages\/1638\/revisions\/2672"}],"wp:attachment":[{"href":"https:\/\/colegioaleman.edu.co\/en\/wp-json\/wp\/v2\/media?parent=1638"}],"curies":[{"name":"wp","href":"https:\/\/api.w.org\/{rel}","templated":true}]}}