{"id":531,"date":"2025-05-19T10:39:27","date_gmt":"2025-05-19T15:39:27","guid":{"rendered":"https:\/\/colegioaleman.edu.co\/?page_id=531"},"modified":"2026-03-19T13:57:15","modified_gmt":"2026-03-19T18:57:15","slug":"nuestra-historia","status":"publish","type":"page","link":"https:\/\/colegioaleman.edu.co\/de\/nuestra-historia\/","title":{"rendered":"Unsere Geschichte"},"content":{"rendered":"<div data-elementor-type=\"wp-page\" data-elementor-id=\"531\" class=\"elementor elementor-531\" data-elementor-post-type=\"page\">\n\t\t\t\t\t\t<section class=\"elementor-section elementor-top-section elementor-element elementor-element-8llota6 elementor-section-content-middle elementor-section-boxed elementor-section-height-default elementor-section-height-default\" data-id=\"8llota6\" data-element_type=\"section\" data-e-type=\"section\" data-settings=\"{&quot;background_background&quot;:&quot;classic&quot;}\">\n\t\t\t\t\t\t\t<div class=\"elementor-background-overlay\"><\/div>\n\t\t\t\t\t\t\t<div class=\"elementor-container elementor-column-gap-no\">\n\t\t\t\t\t<div class=\"elementor-column elementor-col-100 elementor-top-column elementor-element elementor-element-546b9f5 elementor-invisible\" data-id=\"546b9f5\" data-element_type=\"column\" data-e-type=\"column\" data-settings=\"{&quot;animation&quot;:&quot;zoomIn&quot;}\">\n\t\t\t<div class=\"elementor-widget-wrap elementor-element-populated\">\n\t\t\t\t\t\t<div class=\"elementor-element elementor-element-ba215d5 elementor-widget__width-initial elementor-widget-mobile__width-inherit elementor-widget elementor-widget-heading\" data-id=\"ba215d5\" data-element_type=\"widget\" data-e-type=\"widget\" data-widget_type=\"heading.default\">\n\t\t\t\t<div class=\"elementor-widget-container\">\n\t\t\t\t\t<h2 class=\"elementor-heading-title elementor-size-default\">\u00dcber ein Jahrhundert Bildungsexzellenz mit internationaler Perspektive<\/h2>\t\t\t\t<\/div>\n\t\t\t\t<\/div>\n\t\t\t\t<div class=\"elementor-element elementor-element-0367610 elementor-widget elementor-widget-image\" data-id=\"0367610\" data-element_type=\"widget\" data-e-type=\"widget\" data-widget_type=\"image.default\">\n\t\t\t\t<div class=\"elementor-widget-container\">\n\t\t\t\t\t\t\t\t\t\t\t\t\t\t\t<img decoding=\"async\" src=\"https:\/\/webcolegioalemanweb.s3.us-east-2.amazonaws.com\/wp-content\/uploads\/2025\/05\/19131208\/Nuestra-Historia-Colegio-Aleman-scaled.webp\" title=\"Nuestra Historia &#8211; Colegio Alem\u00e1n\" alt=\"Nuestra Historia - Colegio Alem\u00e1n\" loading=\"lazy\" \/>\t\t\t\t\t\t\t\t\t\t\t\t\t\t\t<\/div>\n\t\t\t\t<\/div>\n\t\t\t\t<div class=\"elementor-element elementor-element-4587ca2 elementor-widget-divider--view-line elementor-widget elementor-widget-divider\" data-id=\"4587ca2\" data-element_type=\"widget\" data-e-type=\"widget\" data-widget_type=\"divider.default\">\n\t\t\t\t<div class=\"elementor-widget-container\">\n\t\t\t\t\t\t\t<div class=\"elementor-divider\">\n\t\t\t<span class=\"elementor-divider-separator\">\n\t\t\t\t\t\t<\/span>\n\t\t<\/div>\n\t\t\t\t\t\t<\/div>\n\t\t\t\t<\/div>\n\t\t\t\t<div class=\"elementor-element elementor-element-3269886 elementor-widget elementor-widget-heading\" data-id=\"3269886\" data-element_type=\"widget\" data-e-type=\"widget\" data-settings=\"{&quot;_animation&quot;:&quot;none&quot;}\" data-widget_type=\"heading.default\">\n\t\t\t\t<div class=\"elementor-widget-container\">\n\t\t\t\t\t<h2 class=\"elementor-heading-title elementor-size-default\">Unsere Geschichte<\/h2>\t\t\t\t<\/div>\n\t\t\t\t<\/div>\n\t\t\t\t<div class=\"elementor-element elementor-element-ca58a82 elementor-widget__width-initial elementor-widget elementor-widget-heading\" data-id=\"ca58a82\" data-element_type=\"widget\" data-e-type=\"widget\" data-settings=\"{&quot;_animation&quot;:&quot;none&quot;}\" data-widget_type=\"heading.default\">\n\t\t\t\t<div class=\"elementor-widget-container\">\n\t\t\t\t\t<p class=\"elementor-heading-title elementor-size-default\">Gegr\u00fcndet im Jahr 1912 ist die Deutsche Schule Barranquilla die \u00e4lteste der deutschen Schulen in Kolumbien. Im Laufe von 113 Jahren hat sie sich als Referenz f\u00fcr mehrsprachige, interkulturelle und hochwertige Bildung etabliert, die sowohl auf lokaler als auch auf internationaler Ebene anerkannt ist. Im Folgenden finden Sie die wichtigsten Meilensteine unserer Geschichte:<\/p>\t\t\t\t<\/div>\n\t\t\t\t<\/div>\n\t\t\t\t\t<\/div>\n\t\t<\/div>\n\t\t\t\t\t<\/div>\n\t\t<\/section>\n\t\t<div class=\"elementor-element elementor-element-a637b86 e-flex e-con-boxed elementor-invisible e-con e-parent\" data-id=\"a637b86\" data-element_type=\"container\" data-e-type=\"container\" data-settings=\"{&quot;animation&quot;:&quot;bounceIn&quot;}\">\n\t\t\t\t\t<div class=\"e-con-inner\">\n\t\t\t\t<div class=\"elementor-element elementor-element-b0f8bb0 elementor-widget elementor-widget-timeline-widget-addon\" data-id=\"b0f8bb0\" data-element_type=\"widget\" data-e-type=\"widget\" data-settings=\"{&quot;_animation&quot;:&quot;none&quot;}\" data-widget_type=\"timeline-widget-addon.default\">\n\t\t\t\t<div class=\"elementor-widget-container\">\n\t\t\t\t\t<!-- ========= Timeline Widget Addon For Elementor 1.6.24 ========= -->\n<div id=\"twae-wrapper-b0f8bb0\" class=\"twae-vertical twae-wrapper  twae-both-sided\">   \n    <div class=\"twae-start\"><\/div>    \n    <div id=\"twea-timeline-b0f8bb0\" class=\"twae-timeline\" ><!-- Start of Story Repeater Content --><div id=\"story-39ffbcc\" class=\"twae-story twae-repeater-item twae-story-right twae-story-no-icon\"><!-- Story Label --><div class=\"twae-labels\"><div class=\"twae-label-big\">1912<\/div><\/div><!-- Story Icon --><div class=\"twae-icon\"><i aria-hidden=\"true\" class=\"far fa-clock\"><\/i><\/div><!-- Story Arrow --><div class=\"twae-arrow\"><\/div><!-- Start of Story Content --><div class=\"twae-content\"><!-- Story Title --><div class=\"twae-title\">Gr\u00fcndungsjahre<\/div><!-- Story Image --><div class=\"twae-media large\"><img fetchpriority=\"high\" decoding=\"async\" width=\"270\" height=\"198\" src=\"https:\/\/webcolegioalemanweb.s3.us-east-2.amazonaws.com\/wp-content\/uploads\/2025\/05\/19131204\/1912-ale.webp\" class=\"attachment-large size-large\" alt=\"\" \/><\/div><!-- Story Description --><div class=\"twae-description\"><p><span data-olk-copy-source=\"MessageBody\">Eine Gruppe deutscher Staatsb\u00fcrger gr\u00fcndet den Deutschen Schulverein mit dem Ziel, einen Kindergarten f\u00fcr die Kinder deutscher Einwanderer einzurichten.<\/span><\/p><\/div><\/div><\/div><!-- Start of Story Repeater Content --><div id=\"story-f46e452\" class=\"twae-story twae-repeater-item twae-story-left twae-story-no-icon\"><!-- Story Label --><div class=\"twae-labels\"><div class=\"twae-label-big\">1913<\/div><\/div><!-- Story Icon --><div class=\"twae-icon\"><i aria-hidden=\"true\" class=\"far fa-clock\"><\/i><\/div><!-- Story Arrow --><div class=\"twae-arrow\"><\/div><!-- Start of Story Content --><div class=\"twae-content\"><!-- Story Title --><div class=\"twae-title\">Offizielle Einweihung<\/div><!-- Story Image --><div class=\"twae-media large\"><img decoding=\"async\" width=\"272\" height=\"198\" src=\"https:\/\/webcolegioalemanweb.s3.us-east-2.amazonaws.com\/wp-content\/uploads\/2025\/05\/19131200\/1913-ale.webp\" class=\"attachment-large size-large\" alt=\"\" \/><\/div><!-- Story Description --><div class=\"twae-description\"><p>Der kaiserliche Gesandte Dr. Kraker von Schwarzenfeldt weiht die Schule mit nur neun Kindern ein. Ein Jahr sp\u00e4ter w\u00e4chst die Gemeinschaft auf 13 Sch\u00fcler, darunter die ersten Kolumbianer.<\/p><\/div><\/div><\/div><!-- Start of Story Repeater Content --><div id=\"story-8edde8d\" class=\"twae-story twae-repeater-item twae-story-right twae-story-no-icon\"><!-- Story Label --><div class=\"twae-labels\"><div class=\"twae-label-big\">1915 \u2013 1929<\/div><\/div><!-- Story Icon --><div class=\"twae-icon\"><i aria-hidden=\"true\" class=\"far fa-clock\"><\/i><\/div><!-- Story Arrow --><div class=\"twae-arrow\"><\/div><!-- Start of Story Content --><div class=\"twae-content\"><!-- Story Title --><div class=\"twae-title\">Erste Standorte und Expansion<\/div><!-- Story Image --><div class=\"twae-media large\"><img decoding=\"async\" width=\"369\" height=\"112\" src=\"https:\/\/webcolegioalemanweb.s3.us-east-2.amazonaws.com\/wp-content\/uploads\/2025\/05\/22192208\/Primeras-Sedes.png\" class=\"attachment-large size-large\" alt=\"\" srcset=\"https:\/\/webcolegioalemanweb.s3.us-east-2.amazonaws.com\/wp-content\/uploads\/2025\/05\/22192208\/Primeras-Sedes.png 369w, https:\/\/webcolegioalemanweb.s3.us-east-2.amazonaws.com\/wp-content\/uploads\/2025\/05\/22192208\/Primeras-Sedes-300x91.png 300w\" sizes=\"(max-width: 369px) 100vw, 369px\" \/><\/div><!-- Story Description --><div class=\"twae-description\"><p><span data-olk-copy-source=\"MessageBody\">Die Schule wechselt mehrmals ihren Standort, um dem stetigen Wachstum gerecht zu werden.<\/span><\/p><\/div><\/div><\/div><!-- Start of Story Repeater Content --><div id=\"story-feb26c4\" class=\"twae-story twae-repeater-item twae-story-left twae-story-no-icon\"><!-- Story Label --><div class=\"twae-labels\"><div class=\"twae-label-big\">1929<\/div><\/div><!-- Story Icon --><div class=\"twae-icon\"><i aria-hidden=\"true\" class=\"far fa-clock\"><\/i><\/div><!-- Story Arrow --><div class=\"twae-arrow\"><\/div><!-- Start of Story Content --><div class=\"twae-content\"><!-- Story Title --><div class=\"twae-title\">Eigene R\u00e4umlichkeiten<\/div><!-- Story Image --><div class=\"twae-media large\"><img loading=\"lazy\" decoding=\"async\" width=\"649\" height=\"884\" src=\"https:\/\/webcolegioalemanweb.s3.us-east-2.amazonaws.com\/wp-content\/uploads\/2025\/05\/22192415\/Primeras-Sedes-Colegio.png.jpg\" class=\"attachment-large size-large\" alt=\"\" srcset=\"https:\/\/webcolegioalemanweb.s3.us-east-2.amazonaws.com\/wp-content\/uploads\/2025\/05\/22192415\/Primeras-Sedes-Colegio.png.jpg 649w, https:\/\/webcolegioalemanweb.s3.us-east-2.amazonaws.com\/wp-content\/uploads\/2025\/05\/22192415\/Primeras-Sedes-Colegio.png-220x300.jpg 220w\" sizes=\"(max-width: 649px) 100vw, 649px\" \/><\/div><!-- Story Description --><div class=\"twae-description\"><p><span data-olk-copy-source=\"MessageBody\">Dank Spenden der deutschen Kolonie, des Deutschen Clubs und der Scadta werden die ersten eigenen Geb\u00e4ude errichtet.<\/span><\/p><\/div><\/div><\/div><!-- Start of Story Repeater Content --><div id=\"story-08e6fd9\" class=\"twae-story twae-repeater-item twae-story-right twae-story-no-icon\"><!-- Story Label --><div class=\"twae-labels\"><div class=\"twae-label-big\">1930<\/div><\/div><!-- Story Icon --><div class=\"twae-icon\"><i aria-hidden=\"true\" class=\"far fa-clock\"><\/i><\/div><!-- Story Arrow --><div class=\"twae-arrow\"><\/div><!-- Start of Story Content --><div class=\"twae-content\"><!-- Story Title --><div class=\"twae-title\">Umzug<\/div><!-- Story Image --><div class=\"twae-media large\"><img loading=\"lazy\" decoding=\"async\" width=\"800\" height=\"450\" src=\"https:\/\/webcolegioalemanweb.s3.us-east-2.amazonaws.com\/wp-content\/uploads\/2025\/05\/20074232\/Colegio-Aleman-sedes-anteriores-1024x576.webp\" class=\"attachment-large size-large\" alt=\"\" srcset=\"https:\/\/webcolegioalemanweb.s3.us-east-2.amazonaws.com\/wp-content\/uploads\/2025\/05\/20074232\/Colegio-Aleman-sedes-anteriores-1024x576.webp 1024w, https:\/\/webcolegioalemanweb.s3.us-east-2.amazonaws.com\/wp-content\/uploads\/2025\/05\/20074232\/Colegio-Aleman-sedes-anteriores-300x169.webp 300w, https:\/\/webcolegioalemanweb.s3.us-east-2.amazonaws.com\/wp-content\/uploads\/2025\/05\/20074232\/Colegio-Aleman-sedes-anteriores-768x432.webp 768w, https:\/\/webcolegioalemanweb.s3.us-east-2.amazonaws.com\/wp-content\/uploads\/2025\/05\/20074232\/Colegio-Aleman-sedes-anteriores-1536x864.webp 1536w, https:\/\/webcolegioalemanweb.s3.us-east-2.amazonaws.com\/wp-content\/uploads\/2025\/05\/20074232\/Colegio-Aleman-sedes-anteriores.webp 1920w\" sizes=\"(max-width: 800px) 100vw, 800px\" \/><\/div><!-- Story Description --><div class=\"twae-description\"><p><span data-olk-copy-source=\"MessageBody\">Der neue Standort der Deutschen Schule im Viertel Bellavista wird eingeweiht, einschlie\u00dflich Kindergarten und Turnhalle.<\/span><\/p><\/div><\/div><\/div><!-- Start of Story Repeater Content --><div id=\"story-0041812\" class=\"twae-story twae-repeater-item twae-story-left twae-story-no-icon\"><!-- Story Label --><div class=\"twae-labels\"><div class=\"twae-label-big\">1942 \u2013 1943<\/div><\/div><!-- Story Icon --><div class=\"twae-icon\"><i aria-hidden=\"true\" class=\"far fa-clock\"><\/i><\/div><!-- Story Arrow --><div class=\"twae-arrow\"><\/div><!-- Start of Story Content --><div class=\"twae-content\"><!-- Story Title --><div class=\"twae-title\">Schlie\u00dfung (Zweiter Weltkrieg)<\/div><!-- Story Image --><div class=\"twae-media large\"><img loading=\"lazy\" decoding=\"async\" width=\"279\" height=\"208\" src=\"https:\/\/webcolegioalemanweb.s3.us-east-2.amazonaws.com\/wp-content\/uploads\/2025\/05\/19152527\/1929.webp\" class=\"attachment-large size-large\" alt=\"\" \/><\/div><!-- Story Description --><div class=\"twae-description\"><div class=\"x_elementToProof\" data-olk-copy-source=\"MessageBody\">Auf Anordnung der kolumbianischen Regierung wird die Schule w\u00e4hrend des Zweiten Weltkriegs geschlossen. An ihrer Stelle entsteht das \u201eColegio El Prado\u201c. Deutsch wird aus dem Lehrplan gestrichen.<\/div><\/div><\/div><\/div><!-- Start of Story Repeater Content --><div id=\"story-7ffb721\" class=\"twae-story twae-repeater-item twae-story-right twae-story-no-icon\"><!-- Story Label --><div class=\"twae-labels\"><div class=\"twae-label-big\">1956 \u2013 1957<\/div><\/div><!-- Story Icon --><div class=\"twae-icon\"><i aria-hidden=\"true\" class=\"far fa-clock\"><\/i><\/div><!-- Story Arrow --><div class=\"twae-arrow\"><\/div><!-- Start of Story Content --><div class=\"twae-content\"><!-- Story Title --><div class=\"twae-title\">Wiederer\u00f6ffnung<\/div><!-- Story Image --><div class=\"twae-media large\"><img loading=\"lazy\" decoding=\"async\" width=\"800\" height=\"450\" src=\"https:\/\/webcolegioalemanweb.s3.us-east-2.amazonaws.com\/wp-content\/uploads\/2025\/05\/20073836\/Colegio-Aleman-sedes-anteriores2-1024x576.webp\" class=\"attachment-large size-large\" alt=\"\" srcset=\"https:\/\/webcolegioalemanweb.s3.us-east-2.amazonaws.com\/wp-content\/uploads\/2025\/05\/20073836\/Colegio-Aleman-sedes-anteriores2-1024x576.webp 1024w, https:\/\/webcolegioalemanweb.s3.us-east-2.amazonaws.com\/wp-content\/uploads\/2025\/05\/20073836\/Colegio-Aleman-sedes-anteriores2-300x169.webp 300w, https:\/\/webcolegioalemanweb.s3.us-east-2.amazonaws.com\/wp-content\/uploads\/2025\/05\/20073836\/Colegio-Aleman-sedes-anteriores2-768x432.webp 768w, https:\/\/webcolegioalemanweb.s3.us-east-2.amazonaws.com\/wp-content\/uploads\/2025\/05\/20073836\/Colegio-Aleman-sedes-anteriores2-1536x864.webp 1536w, https:\/\/webcolegioalemanweb.s3.us-east-2.amazonaws.com\/wp-content\/uploads\/2025\/05\/20073836\/Colegio-Aleman-sedes-anteriores2.webp 1920w\" sizes=\"(max-width: 800px) 100vw, 800px\" \/><\/div><!-- Story Description --><div class=\"twae-description\"><p>Die Schule wird in der \u201eQuinta Holanda\u201c mit 255 Sch\u00fclern wiederer\u00f6ffnet und kehrt sp\u00e4ter in das Geb\u00e4ude in Bellavista zur\u00fcck.<\/p><\/div><\/div><\/div><!-- Start of Story Repeater Content --><div id=\"story-d11cc4f\" class=\"twae-story twae-repeater-item twae-story-left twae-story-no-icon\"><!-- Story Label --><div class=\"twae-labels\"><div class=\"twae-label-big\">1961 \u2013 1965<\/div><\/div><!-- Story Icon --><div class=\"twae-icon\"><i aria-hidden=\"true\" class=\"far fa-clock\"><\/i><\/div><!-- Story Arrow --><div class=\"twae-arrow\"><\/div><!-- Start of Story Content --><div class=\"twae-content\"><!-- Story Title --><div class=\"twae-title\">Umzug<\/div><!-- Story Image --><div class=\"twae-media large\"><img loading=\"lazy\" decoding=\"async\" width=\"297\" height=\"219\" src=\"https:\/\/webcolegioalemanweb.s3.us-east-2.amazonaws.com\/wp-content\/uploads\/2025\/05\/20075724\/1964-1965-1.webp\" class=\"attachment-large size-large\" alt=\"\" \/><\/div><!-- Story Description --><div class=\"twae-description\"><p>Grundsteinlegung f\u00fcr den Standort in der Carrera 51B. In den Jahren 1964 und 1965 ziehen der Kindergarten sowie die Primar- und Sekundarstufe schrittweise um.<\/p><\/div><\/div><\/div><!-- Start of Story Repeater Content --><div id=\"story-71d4429\" class=\"twae-story twae-repeater-item twae-story-right twae-story-no-icon\"><!-- Story Label --><div class=\"twae-labels\"><div class=\"twae-label-big\">1970 \u2013 1984<\/div><\/div><!-- Story Icon --><div class=\"twae-icon\"><i aria-hidden=\"true\" class=\"far fa-clock\"><\/i><\/div><!-- Story Arrow --><div class=\"twae-arrow\"><\/div><!-- Start of Story Content --><div class=\"twae-content\"><!-- Story Title --><div class=\"twae-title\">Konsolidierung als Auslandsschule<\/div><!-- Story Image --><div class=\"twae-media large\"><img loading=\"lazy\" decoding=\"async\" width=\"296\" height=\"218\" src=\"https:\/\/webcolegioalemanweb.s3.us-east-2.amazonaws.com\/wp-content\/uploads\/2025\/05\/20075817\/1984.webp\" class=\"attachment-large size-large\" alt=\"\" \/><\/div><!-- Story Description --><div class=\"twae-description\"><p><span data-olk-copy-source=\"MessageBody\">Neue F\u00f6rderbedingungen der Bundesregierung werden festgelegt. Offizielle Deutschpr\u00fcfungen werden wieder aufgenommen und die Verbindung zur ZfA gest\u00e4rkt.<\/span><\/p><\/div><\/div><\/div><!-- Start of Story Repeater Content --><div id=\"story-943e033\" class=\"twae-story twae-repeater-item twae-story-left twae-story-no-icon\"><!-- Story Label --><div class=\"twae-labels\"><div class=\"twae-label-big\">1993 \u2013 1994<\/div><\/div><!-- Story Icon --><div class=\"twae-icon\"><i aria-hidden=\"true\" class=\"far fa-clock\"><\/i><\/div><!-- Story Arrow --><div class=\"twae-arrow\"><\/div><!-- Start of Story Content --><div class=\"twae-content\"><!-- Story Title --><div class=\"twae-title\">Akademische Exzellenz<\/div><!-- Story Image --><div class=\"twae-media large\"><img loading=\"lazy\" decoding=\"async\" width=\"800\" height=\"622\" src=\"https:\/\/webcolegioalemanweb.s3.us-east-2.amazonaws.com\/wp-content\/uploads\/2025\/05\/22192833\/Historicas-39-1024x796.jpg\" class=\"attachment-large size-large\" alt=\"\" srcset=\"https:\/\/webcolegioalemanweb.s3.us-east-2.amazonaws.com\/wp-content\/uploads\/2025\/05\/22192833\/Historicas-39-1024x796.jpg 1024w, https:\/\/webcolegioalemanweb.s3.us-east-2.amazonaws.com\/wp-content\/uploads\/2025\/05\/22192833\/Historicas-39-300x233.jpg 300w, https:\/\/webcolegioalemanweb.s3.us-east-2.amazonaws.com\/wp-content\/uploads\/2025\/05\/22192833\/Historicas-39-768x597.jpg 768w, https:\/\/webcolegioalemanweb.s3.us-east-2.amazonaws.com\/wp-content\/uploads\/2025\/05\/22192833\/Historicas-39.jpg 1434w\" sizes=\"(max-width: 800px) 100vw, 800px\" \/><\/div><!-- Story Description --><div class=\"twae-description\"><p><span data-olk-copy-source=\"MessageBody\">Die Schule erzielt ihre bisher besten Ergebnisse bei den ICFES-Pr\u00fcfungen und den offiziellen Deutschpr\u00fcfungen.<\/span><\/p><\/div><\/div><\/div><!-- Start of Story Repeater Content --><div id=\"story-02ec1b0\" class=\"twae-story twae-repeater-item twae-story-right twae-story-no-icon\"><!-- Story Label --><div class=\"twae-labels\"><div class=\"twae-label-big\">2002<\/div><\/div><!-- Story Icon --><div class=\"twae-icon\"><i aria-hidden=\"true\" class=\"far fa-clock\"><\/i><\/div><!-- Story Arrow --><div class=\"twae-arrow\"><\/div><!-- Start of Story Content --><div class=\"twae-content\"><!-- Story Title --><div class=\"twae-title\">Aktueller Standort<\/div><!-- Story Image --><div class=\"twae-media large\"><img loading=\"lazy\" decoding=\"async\" width=\"800\" height=\"505\" src=\"https:\/\/webcolegioalemanweb.s3.us-east-2.amazonaws.com\/wp-content\/uploads\/2025\/05\/20080026\/Colegio-Aleman-sedes-anteriores4-1024x647.webp\" class=\"attachment-large size-large\" alt=\"\" srcset=\"https:\/\/webcolegioalemanweb.s3.us-east-2.amazonaws.com\/wp-content\/uploads\/2025\/05\/20080026\/Colegio-Aleman-sedes-anteriores4-1024x647.webp 1024w, https:\/\/webcolegioalemanweb.s3.us-east-2.amazonaws.com\/wp-content\/uploads\/2025\/05\/20080026\/Colegio-Aleman-sedes-anteriores4-300x189.webp 300w, https:\/\/webcolegioalemanweb.s3.us-east-2.amazonaws.com\/wp-content\/uploads\/2025\/05\/20080026\/Colegio-Aleman-sedes-anteriores4-768x485.webp 768w, https:\/\/webcolegioalemanweb.s3.us-east-2.amazonaws.com\/wp-content\/uploads\/2025\/05\/20080026\/Colegio-Aleman-sedes-anteriores4-1536x970.webp 1536w, https:\/\/webcolegioalemanweb.s3.us-east-2.amazonaws.com\/wp-content\/uploads\/2025\/05\/20080026\/Colegio-Aleman-sedes-anteriores4.webp 1710w\" sizes=\"(max-width: 800px) 100vw, 800px\" \/><\/div><!-- Story Description --><div class=\"twae-description\"><div class=\"x_elementToProof\" data-olk-copy-source=\"MessageBody\">Die Schule zieht an ihren heutigen Standort an der V\u00eda al Mar um. Von den neun Sch\u00fclern im Jahr 1913 ist sie heute auf \u00fcber 1.100 Kinder und Jugendliche angewachsen.<\/div><div class=\"x_elementToProof\">\u00a0<\/div><\/div><\/div><\/div><!-- Start of Story Repeater Content --><div id=\"story-e728d45\" class=\"twae-story twae-repeater-item twae-story-left twae-story-no-icon\"><!-- Story Label --><div class=\"twae-labels\"><div class=\"twae-label-big\">2003 \u2013 2004<\/div><\/div><!-- Story Icon --><div class=\"twae-icon\"><i aria-hidden=\"true\" class=\"far fa-clock\"><\/i><\/div><!-- Story Arrow --><div class=\"twae-arrow\"><\/div><!-- Start of Story Content --><div class=\"twae-content\"><!-- Story Title --><div class=\"twae-title\">IB-Diplomprogramm<\/div><!-- Story Image --><div class=\"twae-media large\"><img loading=\"lazy\" decoding=\"async\" width=\"641\" height=\"449\" src=\"https:\/\/webcolegioalemanweb.s3.us-east-2.amazonaws.com\/wp-content\/uploads\/2025\/05\/22193345\/Grados-IB.jpg\" class=\"attachment-large size-large\" alt=\"\" srcset=\"https:\/\/webcolegioalemanweb.s3.us-east-2.amazonaws.com\/wp-content\/uploads\/2025\/05\/22193345\/Grados-IB.jpg 641w, https:\/\/webcolegioalemanweb.s3.us-east-2.amazonaws.com\/wp-content\/uploads\/2025\/05\/22193345\/Grados-IB-300x210.jpg 300w\" sizes=\"(max-width: 641px) 100vw, 641px\" \/><\/div><!-- Story Description --><div class=\"twae-description\"><div class=\"x_elementToProof\" data-olk-copy-source=\"MessageBody\">Einf\u00fchrung des IB-Diplomprogramms. 2004 schlie\u00dft der erste Jahrgang mit dem Gemischtsprachigen Internationalen Baccalaureat (GIB) ab.<\/div><div class=\"x_elementToProof\">\u00a0<\/div><\/div><\/div><\/div><!-- Start of Story Repeater Content --><div id=\"story-0954caa\" class=\"twae-story twae-repeater-item twae-story-right twae-story-no-icon\"><!-- Story Label --><div class=\"twae-labels\"><div class=\"twae-label-big\">2013<\/div><\/div><!-- Story Icon --><div class=\"twae-icon\"><i aria-hidden=\"true\" class=\"far fa-clock\"><\/i><\/div><!-- Story Arrow --><div class=\"twae-arrow\"><\/div><!-- Start of Story Content --><div class=\"twae-content\"><!-- Story Title --><div class=\"twae-title\">Exzellenz-Auszeichnung<\/div><!-- Story Image --><div class=\"twae-media large\"><img loading=\"lazy\" decoding=\"async\" width=\"284\" height=\"177\" src=\"https:\/\/webcolegioalemanweb.s3.us-east-2.amazonaws.com\/wp-content\/uploads\/2025\/05\/22194115\/BLI.png\" class=\"attachment-large size-large\" alt=\"\" \/><\/div><!-- Story Description --><div class=\"twae-description\"><p>Offizielle Auszeichnung durch die Bundesregierung als \u201eExzellente Deutsche Auslandsschule\u201c.<\/p><\/div><\/div><\/div><!-- Start of Story Repeater Content --><div id=\"story-a88aaa4\" class=\"twae-story twae-repeater-item twae-story-left twae-story-no-icon\"><!-- Story Label --><div class=\"twae-labels\"><div class=\"twae-label-big\">2018<\/div><\/div><!-- Story Icon --><div class=\"twae-icon\"><i aria-hidden=\"true\" class=\"far fa-clock\"><\/i><\/div><!-- Story Arrow --><div class=\"twae-arrow\"><\/div><!-- Start of Story Content --><div class=\"twae-content\"><!-- Story Title --><div class=\"twae-title\">Modernisierung und Sport<\/div><!-- Story Image --><div class=\"twae-media large\"><img loading=\"lazy\" decoding=\"async\" width=\"800\" height=\"450\" src=\"https:\/\/webcolegioalemanweb.s3.us-east-2.amazonaws.com\/wp-content\/uploads\/2025\/05\/22144132\/ds-barranquilla-3-1024x576.jpg\" class=\"attachment-large size-large\" alt=\"\" srcset=\"https:\/\/webcolegioalemanweb.s3.us-east-2.amazonaws.com\/wp-content\/uploads\/2025\/05\/22144132\/ds-barranquilla-3-1024x576.jpg 1024w, https:\/\/webcolegioalemanweb.s3.us-east-2.amazonaws.com\/wp-content\/uploads\/2025\/05\/22144132\/ds-barranquilla-3-300x169.jpg 300w, https:\/\/webcolegioalemanweb.s3.us-east-2.amazonaws.com\/wp-content\/uploads\/2025\/05\/22144132\/ds-barranquilla-3-768x432.jpg 768w, https:\/\/webcolegioalemanweb.s3.us-east-2.amazonaws.com\/wp-content\/uploads\/2025\/05\/22144132\/ds-barranquilla-3-1536x864.jpg 1536w, https:\/\/webcolegioalemanweb.s3.us-east-2.amazonaws.com\/wp-content\/uploads\/2025\/05\/22144132\/ds-barranquilla-3.jpg 1920w\" sizes=\"(max-width: 800px) 100vw, 800px\" \/><\/div><!-- Story Description --><div class=\"twae-description\"><p>Er\u00f6ffnung der Kinderkrippe und Modernisierung der Sportanlagen. Austragungsort der \u201eJuegos de la Amistad\u201c.<\/p><\/div><\/div><\/div><!-- Start of Story Repeater Content --><div id=\"story-dffbeb8\" class=\"twae-story twae-repeater-item twae-story-right twae-story-no-icon\"><!-- Story Label --><div class=\"twae-labels\"><div class=\"twae-label-big\">2019<\/div><\/div><!-- Story Icon --><div class=\"twae-icon\"><i aria-hidden=\"true\" class=\"far fa-clock\"><\/i><\/div><!-- Story Arrow --><div class=\"twae-arrow\"><\/div><!-- Start of Story Content --><div class=\"twae-content\"><!-- Story Title --><div class=\"twae-title\">Baumhaus-Lernumgebungen<\/div><!-- Story Image --><div class=\"twae-media large\"><img loading=\"lazy\" decoding=\"async\" width=\"800\" height=\"450\" src=\"https:\/\/webcolegioalemanweb.s3.us-east-2.amazonaws.com\/wp-content\/uploads\/2025\/05\/22194511\/ds-barranquilla-20-1024x576.jpg\" class=\"attachment-large size-large\" alt=\"\" srcset=\"https:\/\/webcolegioalemanweb.s3.us-east-2.amazonaws.com\/wp-content\/uploads\/2025\/05\/22194511\/ds-barranquilla-20-1024x576.jpg 1024w, https:\/\/webcolegioalemanweb.s3.us-east-2.amazonaws.com\/wp-content\/uploads\/2025\/05\/22194511\/ds-barranquilla-20-300x169.jpg 300w, https:\/\/webcolegioalemanweb.s3.us-east-2.amazonaws.com\/wp-content\/uploads\/2025\/05\/22194511\/ds-barranquilla-20-768x432.jpg 768w, https:\/\/webcolegioalemanweb.s3.us-east-2.amazonaws.com\/wp-content\/uploads\/2025\/05\/22194511\/ds-barranquilla-20-1536x864.jpg 1536w, https:\/\/webcolegioalemanweb.s3.us-east-2.amazonaws.com\/wp-content\/uploads\/2025\/05\/22194511\/ds-barranquilla-20.jpg 1920w\" sizes=\"(max-width: 800px) 100vw, 800px\" \/><\/div><!-- Story Description --><div class=\"twae-description\"><p>Schaffung innovativer Lernr\u00e4ume: Baumhaus Deutsch, Spanisch und Motorik zur ganzheitlichen F\u00f6rderung von klein auf.<\/p><\/div><\/div><\/div><!-- Start of Story Repeater Content --><div id=\"story-9f78f89\" class=\"twae-story twae-repeater-item twae-story-left twae-story-no-icon\"><!-- Story Label --><div class=\"twae-labels\"><div class=\"twae-label-big\">2020<\/div><\/div><!-- Story Icon --><div class=\"twae-icon\"><i aria-hidden=\"true\" class=\"far fa-clock\"><\/i><\/div><!-- Story Arrow --><div class=\"twae-arrow\"><\/div><!-- Start of Story Content --><div class=\"twae-content\"><!-- Story Title --><div class=\"twae-title\">Nachhaltigkeit<\/div><!-- Story Image --><div class=\"twae-media large\"><img loading=\"lazy\" decoding=\"async\" width=\"800\" height=\"316\" src=\"https:\/\/webcolegioalemanweb.s3.us-east-2.amazonaws.com\/wp-content\/uploads\/2025\/05\/22194644\/Sostenible-1024x405.jpg\" class=\"attachment-large size-large\" alt=\"\" srcset=\"https:\/\/webcolegioalemanweb.s3.us-east-2.amazonaws.com\/wp-content\/uploads\/2025\/05\/22194644\/Sostenible-1024x405.jpg 1024w, https:\/\/webcolegioalemanweb.s3.us-east-2.amazonaws.com\/wp-content\/uploads\/2025\/05\/22194644\/Sostenible-300x119.jpg 300w, https:\/\/webcolegioalemanweb.s3.us-east-2.amazonaws.com\/wp-content\/uploads\/2025\/05\/22194644\/Sostenible-768x304.jpg 768w, https:\/\/webcolegioalemanweb.s3.us-east-2.amazonaws.com\/wp-content\/uploads\/2025\/05\/22194644\/Sostenible-1536x608.jpg 1536w, https:\/\/webcolegioalemanweb.s3.us-east-2.amazonaws.com\/wp-content\/uploads\/2025\/05\/22194644\/Sostenible-2048x811.jpg 2048w\" sizes=\"(max-width: 800px) 100vw, 800px\" \/><\/div><!-- Story Description --><div class=\"twae-description\"><p>Installation von Solarenergie im Kindergarten zur deutlichen Reduzierung des \u00f6kologischen Fu\u00dfabdrucks.<\/p><\/div><\/div><\/div><!-- Start of Story Repeater Content --><div id=\"story-26c06ed\" class=\"twae-story twae-repeater-item twae-story-right twae-story-no-icon\"><!-- Story Label --><div class=\"twae-labels\"><div class=\"twae-label-big\">2021<\/div><\/div><!-- Story Icon --><div class=\"twae-icon\"><i aria-hidden=\"true\" class=\"far fa-clock\"><\/i><\/div><!-- Story Arrow --><div class=\"twae-arrow\"><\/div><!-- Start of Story Content --><div class=\"twae-content\"><!-- Story Title --><div class=\"twae-title\">Microsoft Showcase School<\/div><!-- Story Image --><div class=\"twae-media large\"><img loading=\"lazy\" decoding=\"async\" width=\"800\" height=\"800\" src=\"https:\/\/webcolegioalemanweb.s3.us-east-2.amazonaws.com\/wp-content\/uploads\/2025\/05\/22194723\/Showcase-1024x1024.png\" class=\"attachment-large size-large\" alt=\"\" srcset=\"https:\/\/webcolegioalemanweb.s3.us-east-2.amazonaws.com\/wp-content\/uploads\/2025\/05\/22194723\/Showcase-1024x1024.png 1024w, https:\/\/webcolegioalemanweb.s3.us-east-2.amazonaws.com\/wp-content\/uploads\/2025\/05\/22194723\/Showcase-300x300.png 300w, https:\/\/webcolegioalemanweb.s3.us-east-2.amazonaws.com\/wp-content\/uploads\/2025\/05\/22194723\/Showcase-150x150.png 150w, https:\/\/webcolegioalemanweb.s3.us-east-2.amazonaws.com\/wp-content\/uploads\/2025\/05\/22194723\/Showcase-768x768.png 768w, https:\/\/webcolegioalemanweb.s3.us-east-2.amazonaws.com\/wp-content\/uploads\/2025\/05\/22194723\/Showcase-1536x1536.png 1536w, https:\/\/webcolegioalemanweb.s3.us-east-2.amazonaws.com\/wp-content\/uploads\/2025\/05\/22194723\/Showcase-2048x2048.png 2048w\" sizes=\"(max-width: 800px) 100vw, 800px\" \/><\/div><!-- Story Description --><div class=\"twae-description\"><p>Internationale Zertifizierung f\u00fcr den innovativen Einsatz von Technologien im Unterricht.<\/p><\/div><\/div><\/div><!-- Start of Story Repeater Content --><div id=\"story-0dda8a7\" class=\"twae-story twae-repeater-item twae-story-left twae-story-no-icon\"><!-- Story Label --><div class=\"twae-labels\"><div class=\"twae-label-big\">2022<\/div><\/div><!-- Story Icon --><div class=\"twae-icon\"><i aria-hidden=\"true\" class=\"far fa-clock\"><\/i><\/div><!-- Story Arrow --><div class=\"twae-arrow\"><\/div><!-- Start of Story Content --><div class=\"twae-content\"><!-- Story Title --><div class=\"twae-title\">BLI 3.0 Reakkreditierung<\/div><!-- Story Image --><div class=\"twae-media large\"><img loading=\"lazy\" decoding=\"async\" width=\"800\" height=\"342\" src=\"https:\/\/webcolegioalemanweb.s3.us-east-2.amazonaws.com\/wp-content\/uploads\/2025\/05\/22194913\/BLI-3.0-1024x438.jpg\" class=\"attachment-large size-large\" alt=\"\" srcset=\"https:\/\/webcolegioalemanweb.s3.us-east-2.amazonaws.com\/wp-content\/uploads\/2025\/05\/22194913\/BLI-3.0-1024x438.jpg 1024w, https:\/\/webcolegioalemanweb.s3.us-east-2.amazonaws.com\/wp-content\/uploads\/2025\/05\/22194913\/BLI-3.0-300x128.jpg 300w, https:\/\/webcolegioalemanweb.s3.us-east-2.amazonaws.com\/wp-content\/uploads\/2025\/05\/22194913\/BLI-3.0-768x328.jpg 768w, https:\/\/webcolegioalemanweb.s3.us-east-2.amazonaws.com\/wp-content\/uploads\/2025\/05\/22194913\/BLI-3.0.jpg 1170w\" sizes=\"(max-width: 800px) 100vw, 800px\" \/><\/div><!-- Story Description --><div class=\"twae-description\"><p>Die Schule best\u00e4tigt ihre internationale akademische Exzellenz durch die BLI 3.0 Reakkreditierung.<\/p><\/div><\/div><\/div><!-- Start of Story Repeater Content --><div id=\"story-6e964b7\" class=\"twae-story twae-repeater-item twae-story-right twae-story-no-icon\"><!-- Story Label --><div class=\"twae-labels\"><div class=\"twae-label-big\">2024<\/div><\/div><!-- Story Icon --><div class=\"twae-icon\"><i aria-hidden=\"true\" class=\"far fa-clock\"><\/i><\/div><!-- Story Arrow --><div class=\"twae-arrow\"><\/div><!-- Start of Story Content --><div class=\"twae-content\"><!-- Story Title --><div class=\"twae-title\">Fachspezifischer IB-Schwerpunkt<\/div><!-- Story Image --><div class=\"twae-media large\"><img loading=\"lazy\" decoding=\"async\" width=\"800\" height=\"450\" src=\"https:\/\/webcolegioalemanweb.s3.us-east-2.amazonaws.com\/wp-content\/uploads\/2025\/05\/22144143\/ds-barranquilla-48-1024x576.jpg\" class=\"attachment-large size-large\" alt=\"\" srcset=\"https:\/\/webcolegioalemanweb.s3.us-east-2.amazonaws.com\/wp-content\/uploads\/2025\/05\/22144143\/ds-barranquilla-48-1024x576.jpg 1024w, https:\/\/webcolegioalemanweb.s3.us-east-2.amazonaws.com\/wp-content\/uploads\/2025\/05\/22144143\/ds-barranquilla-48-300x169.jpg 300w, https:\/\/webcolegioalemanweb.s3.us-east-2.amazonaws.com\/wp-content\/uploads\/2025\/05\/22144143\/ds-barranquilla-48-768x432.jpg 768w, https:\/\/webcolegioalemanweb.s3.us-east-2.amazonaws.com\/wp-content\/uploads\/2025\/05\/22144143\/ds-barranquilla-48-1536x864.jpg 1536w, https:\/\/webcolegioalemanweb.s3.us-east-2.amazonaws.com\/wp-content\/uploads\/2025\/05\/22144143\/ds-barranquilla-48.jpg 1920w\" sizes=\"(max-width: 800px) 100vw, 800px\" \/><\/div><!-- Story Description --><div class=\"twae-description\"><p>Neue Differenzierung im IB-Programm mit Schwerpunkten in Biologie oder Englisch auf Leistungsniveau (HL).<\/p><\/div><\/div><\/div><\/div>\n    <div class=\"twae-end\"><\/div>\n    <\/div><style type=\"text\/css\">@media (max-width: 1024px){ .twae-wrapper{--tw-ybx-size: 80px !important;}}@media (max-width: 767px){ .twae-wrapper{--tw-ybx-size: 80px !important}}<\/style>\t\t\t\t<\/div>\n\t\t\t\t<\/div>\n\t\t\t\t\t<\/div>\n\t\t\t\t<\/div>\n\t\t\t\t<\/div>","protected":false},"excerpt":{"rendered":"<p>M\u00e1s de un siglo de excelencia educativa con visi\u00f3n internacional Nuestra historia Fundado en 1912, el Colegio Alem\u00e1n de Barranquilla es el m\u00e1s antiguo de los colegios alemanes en Colombia. A lo largo de 113 a\u00f1os, se ha consolidado como un referente en educaci\u00f3n multiling\u00fce, intercultural y de alta calidad, reconocida tanto a nivel local [&hellip;]<\/p>\n","protected":false},"author":1,"featured_media":0,"parent":0,"menu_order":0,"comment_status":"closed","ping_status":"closed","template":"","meta":{"footnotes":""},"class_list":["post-531","page","type-page","status-publish","hentry"],"yoast_head":"<!-- This site is optimized with the Yoast SEO plugin v27.4 - https:\/\/yoast.com\/product\/yoast-seo-wordpress\/ -->\n<title>Nuestra Historia - Colegio Alem\u00e1n de Barranquilla<\/title>\n<meta name=\"robots\" content=\"index, follow, max-snippet:-1, max-image-preview:large, max-video-preview:-1\" \/>\n<link rel=\"canonical\" href=\"https:\/\/colegioaleman.edu.co\/de\/nuestra-historia\/\" \/>\n<meta property=\"og:locale\" content=\"de_DE\" \/>\n<meta property=\"og:type\" content=\"article\" \/>\n<meta property=\"og:title\" content=\"Nuestra Historia - Colegio Alem\u00e1n de Barranquilla\" \/>\n<meta property=\"og:description\" content=\"M\u00e1s de un siglo de excelencia educativa con visi\u00f3n internacional Nuestra historia Fundado en 1912, el Colegio Alem\u00e1n de Barranquilla es el m\u00e1s antiguo de los colegios alemanes en Colombia. A lo largo de 113 a\u00f1os, se ha consolidado como un referente en educaci\u00f3n multiling\u00fce, intercultural y de alta calidad, reconocida tanto a nivel local [&hellip;]\" \/>\n<meta property=\"og:url\" content=\"https:\/\/colegioaleman.edu.co\/de\/nuestra-historia\/\" \/>\n<meta property=\"og:site_name\" content=\"Colegio Alem\u00e1n de Barranquilla\" \/>\n<meta property=\"article:publisher\" content=\"https:\/\/www.facebook.com\/ColegioAlemanBaq\" \/>\n<meta property=\"article:modified_time\" content=\"2026-03-19T18:57:15+00:00\" \/>\n<meta property=\"og:image\" content=\"https:\/\/colegioaleman.edu.co\/wp-content\/uploads\/2025\/05\/Nuestra-Historia-Colegio-Aleman-scaled.webp\" \/>\n<meta name=\"twitter:card\" content=\"summary_large_image\" \/>\n<meta name=\"twitter:label1\" content=\"Gesch\u00e4tzte Lesezeit\" \/>\n\t<meta name=\"twitter:data1\" content=\"8\u00a0Minuten\" \/>\n<script type=\"application\/ld+json\" class=\"yoast-schema-graph\">{\"@context\":\"https:\\\/\\\/schema.org\",\"@graph\":[{\"@type\":\"WebPage\",\"@id\":\"https:\\\/\\\/colegioaleman.edu.co\\\/nuestra-historia\\\/\",\"url\":\"https:\\\/\\\/colegioaleman.edu.co\\\/nuestra-historia\\\/\",\"name\":\"Nuestra Historia - Colegio Alem\u00e1n de Barranquilla\",\"isPartOf\":{\"@id\":\"https:\\\/\\\/colegioaleman.edu.co\\\/#website\"},\"primaryImageOfPage\":{\"@id\":\"https:\\\/\\\/colegioaleman.edu.co\\\/nuestra-historia\\\/#primaryimage\"},\"image\":{\"@id\":\"https:\\\/\\\/colegioaleman.edu.co\\\/nuestra-historia\\\/#primaryimage\"},\"thumbnailUrl\":\"https:\\\/\\\/colegioaleman.edu.co\\\/wp-content\\\/uploads\\\/2025\\\/05\\\/Nuestra-Historia-Colegio-Aleman-scaled.webp\",\"datePublished\":\"2025-05-19T15:39:27+00:00\",\"dateModified\":\"2026-03-19T18:57:15+00:00\",\"breadcrumb\":{\"@id\":\"https:\\\/\\\/colegioaleman.edu.co\\\/nuestra-historia\\\/#breadcrumb\"},\"inLanguage\":\"de\",\"potentialAction\":[{\"@type\":\"ReadAction\",\"target\":[\"https:\\\/\\\/colegioaleman.edu.co\\\/nuestra-historia\\\/\"]}]},{\"@type\":\"ImageObject\",\"inLanguage\":\"de\",\"@id\":\"https:\\\/\\\/colegioaleman.edu.co\\\/nuestra-historia\\\/#primaryimage\",\"url\":\"https:\\\/\\\/colegioaleman.edu.co\\\/wp-content\\\/uploads\\\/2025\\\/05\\\/Nuestra-Historia-Colegio-Aleman-scaled.webp\",\"contentUrl\":\"https:\\\/\\\/colegioaleman.edu.co\\\/wp-content\\\/uploads\\\/2025\\\/05\\\/Nuestra-Historia-Colegio-Aleman-scaled.webp\"},{\"@type\":\"BreadcrumbList\",\"@id\":\"https:\\\/\\\/colegioaleman.edu.co\\\/nuestra-historia\\\/#breadcrumb\",\"itemListElement\":[{\"@type\":\"ListItem\",\"position\":1,\"name\":\"Inicio\",\"item\":\"https:\\\/\\\/colegioaleman.edu.co\\\/\"},{\"@type\":\"ListItem\",\"position\":2,\"name\":\"Nuestra Historia\"}]},{\"@type\":\"WebSite\",\"@id\":\"https:\\\/\\\/colegioaleman.edu.co\\\/#website\",\"url\":\"https:\\\/\\\/colegioaleman.edu.co\\\/\",\"name\":\"Colegio Alem\u00e1n de Barranquilla\",\"description\":\"Colegio Alem\u00e1n de Barranquilla - Educaci\u00f3n Triling\u00fce Internacional\",\"publisher\":{\"@id\":\"https:\\\/\\\/colegioaleman.edu.co\\\/#organization\"},\"potentialAction\":[{\"@type\":\"SearchAction\",\"target\":{\"@type\":\"EntryPoint\",\"urlTemplate\":\"https:\\\/\\\/colegioaleman.edu.co\\\/?s={search_term_string}\"},\"query-input\":{\"@type\":\"PropertyValueSpecification\",\"valueRequired\":true,\"valueName\":\"search_term_string\"}}],\"inLanguage\":\"de\"},{\"@type\":\"Organization\",\"@id\":\"https:\\\/\\\/colegioaleman.edu.co\\\/#organization\",\"name\":\"Colegio Alem\u00e1n de Barranquilla\",\"url\":\"https:\\\/\\\/colegioaleman.edu.co\\\/\",\"logo\":{\"@type\":\"ImageObject\",\"inLanguage\":\"de\",\"@id\":\"https:\\\/\\\/colegioaleman.edu.co\\\/#\\\/schema\\\/logo\\\/image\\\/\",\"url\":\"https:\\\/\\\/webcolegioalemanweb.s3.us-east-2.amazonaws.com\\\/wp-content\\\/uploads\\\/2025\\\/05\\\/19131621\\\/cropped-cropped-iguana-3.png\",\"contentUrl\":\"https:\\\/\\\/webcolegioalemanweb.s3.us-east-2.amazonaws.com\\\/wp-content\\\/uploads\\\/2025\\\/05\\\/19131621\\\/cropped-cropped-iguana-3.png\",\"width\":511,\"height\":360,\"caption\":\"Colegio Alem\u00e1n de Barranquilla\"},\"image\":{\"@id\":\"https:\\\/\\\/colegioaleman.edu.co\\\/#\\\/schema\\\/logo\\\/image\\\/\"},\"sameAs\":[\"https:\\\/\\\/www.facebook.com\\\/ColegioAlemanBaq\",\"https:\\\/\\\/www.instagram.com\\\/colegioalemanbaq\\\/\",\"https:\\\/\\\/www.youtube.com\\\/@Colegioalemanbaq\"]}]}<\/script>\n<!-- \/ Yoast SEO plugin. -->","yoast_head_json":{"title":"Nuestra Historia - Colegio Alem\u00e1n de Barranquilla","robots":{"index":"index","follow":"follow","max-snippet":"max-snippet:-1","max-image-preview":"max-image-preview:large","max-video-preview":"max-video-preview:-1"},"canonical":"https:\/\/colegioaleman.edu.co\/de\/nuestra-historia\/","og_locale":"de_DE","og_type":"article","og_title":"Nuestra Historia - Colegio Alem\u00e1n de Barranquilla","og_description":"M\u00e1s de un siglo de excelencia educativa con visi\u00f3n internacional Nuestra historia Fundado en 1912, el Colegio Alem\u00e1n de Barranquilla es el m\u00e1s antiguo de los colegios alemanes en Colombia. A lo largo de 113 a\u00f1os, se ha consolidado como un referente en educaci\u00f3n multiling\u00fce, intercultural y de alta calidad, reconocida tanto a nivel local [&hellip;]","og_url":"https:\/\/colegioaleman.edu.co\/de\/nuestra-historia\/","og_site_name":"Colegio Alem\u00e1n de Barranquilla","article_publisher":"https:\/\/www.facebook.com\/ColegioAlemanBaq","article_modified_time":"2026-03-19T18:57:15+00:00","og_image":[{"url":"https:\/\/colegioaleman.edu.co\/wp-content\/uploads\/2025\/05\/Nuestra-Historia-Colegio-Aleman-scaled.webp","type":"","width":"","height":""}],"twitter_card":"summary_large_image","twitter_misc":{"Gesch\u00e4tzte Lesezeit":"8\u00a0Minuten"},"schema":{"@context":"https:\/\/schema.org","@graph":[{"@type":"WebPage","@id":"https:\/\/colegioaleman.edu.co\/nuestra-historia\/","url":"https:\/\/colegioaleman.edu.co\/nuestra-historia\/","name":"Nuestra Historia - Colegio Alem\u00e1n de Barranquilla","isPartOf":{"@id":"https:\/\/colegioaleman.edu.co\/#website"},"primaryImageOfPage":{"@id":"https:\/\/colegioaleman.edu.co\/nuestra-historia\/#primaryimage"},"image":{"@id":"https:\/\/colegioaleman.edu.co\/nuestra-historia\/#primaryimage"},"thumbnailUrl":"https:\/\/colegioaleman.edu.co\/wp-content\/uploads\/2025\/05\/Nuestra-Historia-Colegio-Aleman-scaled.webp","datePublished":"2025-05-19T15:39:27+00:00","dateModified":"2026-03-19T18:57:15+00:00","breadcrumb":{"@id":"https:\/\/colegioaleman.edu.co\/nuestra-historia\/#breadcrumb"},"inLanguage":"de","potentialAction":[{"@type":"ReadAction","target":["https:\/\/colegioaleman.edu.co\/nuestra-historia\/"]}]},{"@type":"ImageObject","inLanguage":"de","@id":"https:\/\/colegioaleman.edu.co\/nuestra-historia\/#primaryimage","url":"https:\/\/colegioaleman.edu.co\/wp-content\/uploads\/2025\/05\/Nuestra-Historia-Colegio-Aleman-scaled.webp","contentUrl":"https:\/\/colegioaleman.edu.co\/wp-content\/uploads\/2025\/05\/Nuestra-Historia-Colegio-Aleman-scaled.webp"},{"@type":"BreadcrumbList","@id":"https:\/\/colegioaleman.edu.co\/nuestra-historia\/#breadcrumb","itemListElement":[{"@type":"ListItem","position":1,"name":"Inicio","item":"https:\/\/colegioaleman.edu.co\/"},{"@type":"ListItem","position":2,"name":"Nuestra Historia"}]},{"@type":"WebSite","@id":"https:\/\/colegioaleman.edu.co\/#website","url":"https:\/\/colegioaleman.edu.co\/","name":"Deutsche Schule Barranquilla","description":"Colegio Alem\u00e1n de Barranquilla - Educaci\u00f3n Triling\u00fce Internacional","publisher":{"@id":"https:\/\/colegioaleman.edu.co\/#organization"},"potentialAction":[{"@type":"SearchAction","target":{"@type":"EntryPoint","urlTemplate":"https:\/\/colegioaleman.edu.co\/?s={search_term_string}"},"query-input":{"@type":"PropertyValueSpecification","valueRequired":true,"valueName":"search_term_string"}}],"inLanguage":"de"},{"@type":"Organization","@id":"https:\/\/colegioaleman.edu.co\/#organization","name":"Deutsche Schule Barranquilla","url":"https:\/\/colegioaleman.edu.co\/","logo":{"@type":"ImageObject","inLanguage":"de","@id":"https:\/\/colegioaleman.edu.co\/#\/schema\/logo\/image\/","url":"https:\/\/webcolegioalemanweb.s3.us-east-2.amazonaws.com\/wp-content\/uploads\/2025\/05\/19131621\/cropped-cropped-iguana-3.png","contentUrl":"https:\/\/webcolegioalemanweb.s3.us-east-2.amazonaws.com\/wp-content\/uploads\/2025\/05\/19131621\/cropped-cropped-iguana-3.png","width":511,"height":360,"caption":"Colegio Alem\u00e1n de Barranquilla"},"image":{"@id":"https:\/\/colegioaleman.edu.co\/#\/schema\/logo\/image\/"},"sameAs":["https:\/\/www.facebook.com\/ColegioAlemanBaq","https:\/\/www.instagram.com\/colegioalemanbaq\/","https:\/\/www.youtube.com\/@Colegioalemanbaq"]}]}},"_links":{"self":[{"href":"https:\/\/colegioaleman.edu.co\/de\/wp-json\/wp\/v2\/pages\/531","targetHints":{"allow":["GET"]}}],"collection":[{"href":"https:\/\/colegioaleman.edu.co\/de\/wp-json\/wp\/v2\/pages"}],"about":[{"href":"https:\/\/colegioaleman.edu.co\/de\/wp-json\/wp\/v2\/types\/page"}],"author":[{"embeddable":true,"href":"https:\/\/colegioaleman.edu.co\/de\/wp-json\/wp\/v2\/users\/1"}],"replies":[{"embeddable":true,"href":"https:\/\/colegioaleman.edu.co\/de\/wp-json\/wp\/v2\/comments?post=531"}],"version-history":[{"count":5,"href":"https:\/\/colegioaleman.edu.co\/de\/wp-json\/wp\/v2\/pages\/531\/revisions"}],"predecessor-version":[{"id":3879,"href":"https:\/\/colegioaleman.edu.co\/de\/wp-json\/wp\/v2\/pages\/531\/revisions\/3879"}],"wp:attachment":[{"href":"https:\/\/colegioaleman.edu.co\/de\/wp-json\/wp\/v2\/media?parent=531"}],"curies":[{"name":"wp","href":"https:\/\/api.w.org\/{rel}","templated":true}]}}