{"id":1329,"date":"2025-05-23T13:41:21","date_gmt":"2025-05-23T18:41:21","guid":{"rendered":"https:\/\/colegioaleman.edu.co\/?page_id=1329"},"modified":"2026-02-10T12:30:43","modified_gmt":"2026-02-10T17:30:43","slug":"orientacion-psicoeducativa","status":"publish","type":"page","link":"https:\/\/colegioaleman.edu.co\/de\/orientacion-psicoeducativa\/","title":{"rendered":"Psychop\u00e4dagogische Beratung"},"content":{"rendered":"<div data-elementor-type=\"wp-page\" data-elementor-id=\"1329\" class=\"elementor elementor-1329\" data-elementor-post-type=\"page\">\n\t\t\t\t\t\t<section class=\"elementor-section elementor-top-section elementor-element elementor-element-up430n5 elementor-section-content-middle elementor-section-boxed elementor-section-height-default elementor-section-height-default\" data-id=\"up430n5\" data-element_type=\"section\" data-e-type=\"section\" data-settings=\"{&quot;background_background&quot;:&quot;classic&quot;,&quot;animation&quot;:&quot;none&quot;}\">\n\t\t\t\t\t\t<div class=\"elementor-container elementor-column-gap-no\">\n\t\t\t\t\t<div class=\"elementor-column elementor-col-50 elementor-top-column elementor-element elementor-element-258231d\" data-id=\"258231d\" data-element_type=\"column\" data-e-type=\"column\">\n\t\t\t<div class=\"elementor-widget-wrap elementor-element-populated\">\n\t\t\t\t\t\t<div class=\"elementor-element elementor-element-1401102 elementor-widget elementor-widget-heading\" data-id=\"1401102\" data-element_type=\"widget\" data-e-type=\"widget\" data-widget_type=\"heading.default\">\n\t\t\t\t<div class=\"elementor-widget-container\">\n\t\t\t\t\t<h2 class=\"elementor-heading-title elementor-size-default\">Orientaci\u00f3n Psicoeducativa integral en el Colegio Alem\u00e1n de Barranquilla<\/h2>\t\t\t\t<\/div>\n\t\t\t\t<\/div>\n\t\t\t\t<div class=\"elementor-element elementor-element-4f6265e elementor-widget elementor-widget-text-editor\" data-id=\"4f6265e\" data-element_type=\"widget\" data-e-type=\"widget\" data-widget_type=\"text-editor.default\">\n\t\t\t\t<div class=\"elementor-widget-container\">\n\t\t\t\t\t\t\t\t\t<p data-start=\"463\" data-end=\"770\">En el Colegio Alem\u00e1n de Barranquilla entendemos que educar va mucho m\u00e1s all\u00e1 del aula. Por eso, contamos con un s\u00f3lido <strong data-start=\"583\" data-end=\"625\">programa de Orientaci\u00f3n Psicoeducativa (OPE)<\/strong>, dise\u00f1ado para acompa\u00f1ar a nuestros ni\u00f1os y j\u00f3venes en su <strong data-start=\"680\" data-end=\"738\">desarrollo personal, acad\u00e9mico, emocional, vocacional y profesional<\/strong>, de manera constante y cercana.<\/p><p data-start=\"772\" data-end=\"1110\">OPE es un pilar en nuestro <strong>Proyecto Educativo Institucional (PEI)<\/strong>. Su prop\u00f3sito es <strong data-start=\"909\" data-end=\"960\">fortalecer las capacidades, h\u00e1bitos y actitudes<\/strong> de los estudiantes para que logren su m\u00e1ximo potencial, tomen decisiones informadas y construyan un proyecto de vida alineado con sus valores y talentos.<\/p>\t\t\t\t\t\t\t\t<\/div>\n\t\t\t\t<\/div>\n\t\t\t\t\t<\/div>\n\t\t<\/div>\n\t\t\t\t<div class=\"elementor-column elementor-col-50 elementor-top-column elementor-element elementor-element-ca44c59\" data-id=\"ca44c59\" data-element_type=\"column\" data-e-type=\"column\" data-settings=\"{&quot;background_background&quot;:&quot;classic&quot;}\">\n\t\t\t<div class=\"elementor-widget-wrap elementor-element-populated\">\n\t\t\t\t\t\t<div class=\"elementor-element elementor-element-7e01216 elementor-widget elementor-widget-image\" data-id=\"7e01216\" data-element_type=\"widget\" data-e-type=\"widget\" data-widget_type=\"image.default\">\n\t\t\t\t<div class=\"elementor-widget-container\">\n\t\t\t\t\t\t\t\t\t\t\t\t\t\t\t<img fetchpriority=\"high\" decoding=\"async\" width=\"1080\" height=\"1080\" src=\"https:\/\/webcolegioalemanweb.s3.us-east-2.amazonaws.com\/wp-content\/uploads\/2025\/05\/19131949\/Untitled-design-11.webp\" class=\"attachment-full size-full wp-image-129\" alt=\"\" srcset=\"https:\/\/webcolegioalemanweb.s3.us-east-2.amazonaws.com\/wp-content\/uploads\/2025\/05\/19131949\/Untitled-design-11.webp 1080w, https:\/\/webcolegioalemanweb.s3.us-east-2.amazonaws.com\/wp-content\/uploads\/2025\/05\/19131949\/Untitled-design-11-300x300.webp 300w, https:\/\/webcolegioalemanweb.s3.us-east-2.amazonaws.com\/wp-content\/uploads\/2025\/05\/19131949\/Untitled-design-11-1024x1024.webp 1024w, https:\/\/webcolegioalemanweb.s3.us-east-2.amazonaws.com\/wp-content\/uploads\/2025\/05\/19131949\/Untitled-design-11-150x150.webp 150w, https:\/\/webcolegioalemanweb.s3.us-east-2.amazonaws.com\/wp-content\/uploads\/2025\/05\/19131949\/Untitled-design-11-768x768.webp 768w\" sizes=\"(max-width: 1080px) 100vw, 1080px\" \/>\t\t\t\t\t\t\t\t\t\t\t\t\t\t\t<\/div>\n\t\t\t\t<\/div>\n\t\t\t\t\t<\/div>\n\t\t<\/div>\n\t\t\t\t\t<\/div>\n\t\t<\/section>\n\t\t\t\t<section class=\"elementor-section elementor-top-section elementor-element elementor-element-28xgpfk elementor-section-content-middle elementor-section-boxed elementor-section-height-default elementor-section-height-default\" data-id=\"28xgpfk\" data-element_type=\"section\" data-e-type=\"section\" data-settings=\"{&quot;background_background&quot;:&quot;classic&quot;,&quot;animation&quot;:&quot;none&quot;}\">\n\t\t\t\t\t\t\t<div class=\"elementor-background-overlay\"><\/div>\n\t\t\t\t\t\t\t<div class=\"elementor-container elementor-column-gap-no\">\n\t\t\t\t\t<div class=\"elementor-column elementor-col-33 elementor-top-column elementor-element elementor-element-19be28e\" data-id=\"19be28e\" data-element_type=\"column\" data-e-type=\"column\">\n\t\t\t<div class=\"elementor-widget-wrap elementor-element-populated\">\n\t\t\t\t\t\t<div class=\"elementor-element elementor-element-476715a elementor-widget elementor-widget-image\" data-id=\"476715a\" data-element_type=\"widget\" data-e-type=\"widget\" data-widget_type=\"image.default\">\n\t\t\t\t<div class=\"elementor-widget-container\">\n\t\t\t\t\t\t\t\t\t\t\t\t\t\t\t<img decoding=\"async\" width=\"800\" height=\"450\" src=\"https:\/\/webcolegioalemanweb.s3.us-east-2.amazonaws.com\/wp-content\/uploads\/2025\/05\/22144134\/ds-barranquilla-4-1024x576.jpg\" class=\"attachment-large size-large wp-image-979\" alt=\"\" srcset=\"https:\/\/webcolegioalemanweb.s3.us-east-2.amazonaws.com\/wp-content\/uploads\/2025\/05\/22144134\/ds-barranquilla-4-1024x576.jpg 1024w, https:\/\/webcolegioalemanweb.s3.us-east-2.amazonaws.com\/wp-content\/uploads\/2025\/05\/22144134\/ds-barranquilla-4-300x169.jpg 300w, https:\/\/webcolegioalemanweb.s3.us-east-2.amazonaws.com\/wp-content\/uploads\/2025\/05\/22144134\/ds-barranquilla-4-768x432.jpg 768w, https:\/\/webcolegioalemanweb.s3.us-east-2.amazonaws.com\/wp-content\/uploads\/2025\/05\/22144134\/ds-barranquilla-4-1536x864.jpg 1536w, https:\/\/webcolegioalemanweb.s3.us-east-2.amazonaws.com\/wp-content\/uploads\/2025\/05\/22144134\/ds-barranquilla-4.jpg 1920w\" sizes=\"(max-width: 800px) 100vw, 800px\" \/>\t\t\t\t\t\t\t\t\t\t\t\t\t\t\t<\/div>\n\t\t\t\t<\/div>\n\t\t\t\t<div class=\"elementor-element elementor-element-3935697 elementor-widget elementor-widget-heading\" data-id=\"3935697\" data-element_type=\"widget\" data-e-type=\"widget\" data-widget_type=\"heading.default\">\n\t\t\t\t<div class=\"elementor-widget-container\">\n\t\t\t\t\t<h2 class=\"elementor-heading-title elementor-size-default\">\u00bfC\u00f3mo acompa\u00f1amos a nuestros estudiantes?<\/h2>\t\t\t\t<\/div>\n\t\t\t\t<\/div>\n\t\t\t\t<div class=\"elementor-element elementor-element-491352d elementor-widget elementor-widget-text-editor\" data-id=\"491352d\" data-element_type=\"widget\" data-e-type=\"widget\" data-widget_type=\"text-editor.default\">\n\t\t\t\t<div class=\"elementor-widget-container\">\n\t\t\t\t\t\t\t\t\t<p>El trabajo de OPE se organiza en \u00e1reas clave, que permiten un acompa\u00f1amiento integral y personalizado en cada etapa escolar.<\/p>\t\t\t\t\t\t\t\t<\/div>\n\t\t\t\t<\/div>\n\t\t\t\t\t<\/div>\n\t\t<\/div>\n\t\t\t\t<div class=\"elementor-column elementor-col-66 elementor-top-column elementor-element elementor-element-155952c\" data-id=\"155952c\" data-element_type=\"column\" data-e-type=\"column\">\n\t\t\t<div class=\"elementor-widget-wrap elementor-element-populated\">\n\t\t\t\t\t\t<div class=\"elementor-element elementor-element-6ef8186 elementor-widget elementor-widget-text-editor\" data-id=\"6ef8186\" data-element_type=\"widget\" data-e-type=\"widget\" data-widget_type=\"text-editor.default\">\n\t\t\t\t<div class=\"elementor-widget-container\">\n\t\t\t\t\t\t\t\t\t<h4 data-start=\"1321\" data-end=\"1387\">Psicoorientaci\u00f3n: Desarrollo socioemocional y orientaci\u00f3n vocacional<\/h4>\t\t\t\t\t\t\t\t<\/div>\n\t\t\t\t<\/div>\n\t\t\t\t<div class=\"elementor-element elementor-element-3410f57 elementor-widget elementor-widget-text-editor\" data-id=\"3410f57\" data-element_type=\"widget\" data-e-type=\"widget\" data-widget_type=\"text-editor.default\">\n\t\t\t\t<div class=\"elementor-widget-container\">\n\t\t\t\t\t\t\t\t\t<p data-start=\"1389\" data-end=\"1494\"><span class=\"TextRun SCXW209171164 BCX8\" lang=\"ES-CO\" xml:lang=\"ES-CO\" data-contrast=\"auto\"><span class=\"NormalTextRun SCXW209171164 BCX8\">Acompa\u00f1amos al estudiante en su\u00a0<\/span><\/span><strong><span class=\"TextRun SCXW209171164 BCX8\" lang=\"ES-CO\" xml:lang=\"ES-CO\" data-contrast=\"auto\"><span class=\"NormalTextRun SCXW209171164 BCX8\">formaci\u00f3n emocional, social<\/span><span class=\"NormalTextRun SCXW209171164 BCX8\">, acad\u00e9mica,\u00a0<\/span><span class=\"NormalTextRun SCXW209171164 BCX8\">vocacional<\/span><span class=\"NormalTextRun SCXW209171164 BCX8\"> y profesional,<\/span><\/span><\/strong><span class=\"TextRun SCXW209171164 BCX8\" lang=\"ES-CO\" xml:lang=\"ES-CO\" data-contrast=\"auto\"><span class=\"NormalTextRun SCXW209171164 BCX8\">\u00a0abordando dimensiones como:<\/span><\/span><\/p><ul data-start=\"1496\" data-end=\"1653\"><li data-start=\"1496\" data-end=\"1522\"><p data-start=\"1498\" data-end=\"1522\">Inteligencia emocional<\/p><\/li><li data-start=\"1523\" data-end=\"1567\"><p data-start=\"1525\" data-end=\"1567\">Convivencia y relaciones interpersonales<\/p><\/li><li data-start=\"1568\" data-end=\"1603\"><p data-start=\"1570\" data-end=\"1603\">Identidad personal y autoestima<\/p><\/li><li data-start=\"1604\" data-end=\"1653\"><p data-start=\"1606\" data-end=\"1653\">Elecci\u00f3n vocacional y orientaci\u00f3n profesional<\/p><\/li><\/ul><p data-start=\"1655\" data-end=\"1779\">Desde el respeto por la diversidad y el contexto bicultural, impulsamos su bienestar integral. Organizamos actividades como:<\/p><ul data-start=\"1781\" data-end=\"1976\"><li data-start=\"1781\" data-end=\"1827\"><p data-start=\"1783\" data-end=\"1827\">Charlas y talleres de crecimiento personal<\/p><\/li><li data-start=\"1828\" data-end=\"1867\"><p data-start=\"1830\" data-end=\"1867\">Jornadas de orientaci\u00f3n profesional<\/p><\/li><li data-start=\"1868\" data-end=\"1925\"><p data-start=\"1870\" data-end=\"1925\">Visitas de universidades nacionales e internacionales<\/p><\/li><li data-start=\"1926\" data-end=\"1976\"><p data-start=\"1928\" data-end=\"1976\">Pr\u00e1cticas vocacionales en empresas reconocidas<\/p><\/li><\/ul>\t\t\t\t\t\t\t\t<\/div>\n\t\t\t\t<\/div>\n\t\t\t\t\t<\/div>\n\t\t<\/div>\n\t\t\t\t\t<\/div>\n\t\t<\/section>\n\t\t\t\t<section class=\"elementor-section elementor-top-section elementor-element elementor-element-wyqgjyk elementor-section-boxed elementor-section-height-default elementor-section-height-default\" data-id=\"wyqgjyk\" data-element_type=\"section\" data-e-type=\"section\" data-settings=\"{&quot;background_background&quot;:&quot;classic&quot;,&quot;animation&quot;:&quot;none&quot;}\">\n\t\t\t\t\t\t<div class=\"elementor-container elementor-column-gap-no\">\n\t\t\t\t\t<div class=\"elementor-column elementor-col-100 elementor-top-column elementor-element elementor-element-7d39467\" data-id=\"7d39467\" data-element_type=\"column\" data-e-type=\"column\">\n\t\t\t<div class=\"elementor-widget-wrap elementor-element-populated\">\n\t\t\t\t\t\t<div class=\"elementor-element elementor-element-f7b7ceb elementor-widget elementor-widget-heading\" data-id=\"f7b7ceb\" data-element_type=\"widget\" data-e-type=\"widget\" data-widget_type=\"heading.default\">\n\t\t\t\t<div class=\"elementor-widget-container\">\n\t\t\t\t\t<h2 class=\"elementor-heading-title elementor-size-default\">Fomento del aprendizaje: Leer - Pensar - Comunicar<\/h2>\t\t\t\t<\/div>\n\t\t\t\t<\/div>\n\t\t\t\t<div class=\"elementor-element elementor-element-eab6db3 elementor-widget elementor-widget-text-editor\" data-id=\"eab6db3\" data-element_type=\"widget\" data-e-type=\"widget\" data-widget_type=\"text-editor.default\">\n\t\t\t\t<div class=\"elementor-widget-container\">\n\t\t\t\t\t\t\t\t\t<p>Desde el enfoque del Bachillerato Internacional \u2014<em>todo maestro es maestro de lengua<\/em>\u2014 trabajamos en el fortalecimiento de tres ejes fundamentales:<\/p><ul><li>Habilidades de comunicaci\u00f3n<\/li><li>Pensamiento cr\u00edtico y creativo<\/li><li>Procesos de lectoescritura<\/li><\/ul>\t\t\t\t\t\t\t\t<\/div>\n\t\t\t\t<\/div>\n\t\t\t\t<div class=\"elementor-element elementor-element-41b3c8a elementor-widget elementor-widget-text-editor\" data-id=\"41b3c8a\" data-element_type=\"widget\" data-e-type=\"widget\" data-widget_type=\"text-editor.default\">\n\t\t\t\t<div class=\"elementor-widget-container\">\n\t\t\t\t\t\t\t\t\t<p><span style=\"font-size: 1rem;\">Implementamos estrategias interdisciplinarias que desarrollan la comprensi\u00f3n lectora, la producci\u00f3n textual y el pensamiento reflexivo, potenciando el desempe\u00f1o acad\u00e9mico en todas las \u00e1reas.<\/span><\/p>\t\t\t\t\t\t\t\t<\/div>\n\t\t\t\t<\/div>\n\t\t\t\t\t<\/div>\n\t\t<\/div>\n\t\t\t\t\t<\/div>\n\t\t<\/section>\n\t\t\t\t<section class=\"elementor-section elementor-top-section elementor-element elementor-element-392b4f6 elementor-section-boxed elementor-section-height-default elementor-section-height-default\" data-id=\"392b4f6\" data-element_type=\"section\" data-e-type=\"section\" data-settings=\"{&quot;background_background&quot;:&quot;classic&quot;,&quot;animation&quot;:&quot;none&quot;}\">\n\t\t\t\t\t\t<div class=\"elementor-container elementor-column-gap-no\">\n\t\t\t\t\t<div class=\"elementor-column elementor-col-100 elementor-top-column elementor-element elementor-element-e0449ed\" data-id=\"e0449ed\" data-element_type=\"column\" data-e-type=\"column\">\n\t\t\t<div class=\"elementor-widget-wrap elementor-element-populated\">\n\t\t\t\t\t\t<section class=\"elementor-section elementor-inner-section elementor-element elementor-element-77acbb5 elementor-section-boxed elementor-section-height-default elementor-section-height-default\" data-id=\"77acbb5\" data-element_type=\"section\" data-e-type=\"section\">\n\t\t\t\t\t\t<div class=\"elementor-container elementor-column-gap-extended\">\n\t\t\t\t\t<div class=\"elementor-column elementor-col-100 elementor-inner-column elementor-element elementor-element-cdf9c87\" data-id=\"cdf9c87\" data-element_type=\"column\" data-e-type=\"column\">\n\t\t\t<div class=\"elementor-widget-wrap elementor-element-populated\">\n\t\t\t\t\t\t<div class=\"elementor-element elementor-element-026ab16 elementor-widget__width-initial elementor-widget elementor-widget-heading\" data-id=\"026ab16\" data-element_type=\"widget\" data-e-type=\"widget\" data-widget_type=\"heading.default\">\n\t\t\t\t<div class=\"elementor-widget-container\">\n\t\t\t\t\t<h3 class=\"elementor-heading-title elementor-size-default\">Apoyo pedag\u00f3gico: Centro de Apoyo Baumhaus<\/h3>\t\t\t\t<\/div>\n\t\t\t\t<\/div>\n\t\t\t\t<div class=\"elementor-element elementor-element-35a2b09 elementor-widget elementor-widget-text-editor\" data-id=\"35a2b09\" data-element_type=\"widget\" data-e-type=\"widget\" data-widget_type=\"text-editor.default\">\n\t\t\t\t<div class=\"elementor-widget-container\">\n\t\t\t\t\t\t\t\t\t<p>El Centro de Apoyo Baumhaus brinda acompa\u00f1amiento personalizado a estudiantes de Primaria y Secundaria con el fin de reforzar sus habilidades acad\u00e9micas y personales. Trabajamos en:<\/p><ul><li>F<span class=\"TextRun SCXW77163065 BCX8\" lang=\"ES-CO\" xml:lang=\"ES-CO\" data-contrast=\"auto\"><span class=\"NormalTextRun SCXW77163065 BCX8\">omento de habilidades ling\u00fc\u00edsticas en alem\u00e1n<\/span><\/span><\/li><li>Refuerzo en matem\u00e1ticas<\/li><li>Desarrollo motor y coordinaci\u00f3n<\/li><li>Estrategias de aprendizaje individualizado<\/li><\/ul>\t\t\t\t\t\t\t\t<\/div>\n\t\t\t\t<\/div>\n\t\t\t\t<div class=\"elementor-element elementor-element-ccdd072 elementor-widget elementor-widget-text-editor\" data-id=\"ccdd072\" data-element_type=\"widget\" data-e-type=\"widget\" data-widget_type=\"text-editor.default\">\n\t\t\t\t<div class=\"elementor-widget-container\">\n\t\t\t\t\t\t\t\t\t<p>La participaci\u00f3n se establece a partir de un diagn\u00f3stico del equipo de orientaci\u00f3n y se adapta a las necesidades de cada estudiante, respetando su ritmo y estilo de aprendizaje.<\/p>\t\t\t\t\t\t\t\t<\/div>\n\t\t\t\t<\/div>\n\t\t\t\t<div class=\"elementor-element elementor-element-e327a66 elementor-widget__width-initial elementor-widget elementor-widget-image\" data-id=\"e327a66\" data-element_type=\"widget\" data-e-type=\"widget\" data-widget_type=\"image.default\">\n\t\t\t\t<div class=\"elementor-widget-container\">\n\t\t\t\t\t\t\t\t\t\t\t\t\t\t\t<img decoding=\"async\" src=\"https:\/\/webcolegioalemanweb.s3.us-east-2.amazonaws.com\/wp-content\/uploads\/2026\/02\/10104301\/ds-barranquilla-44-e1770742467952.jpg\" title=\"ds-barranquilla (44)\" alt=\"ds-barranquilla (44)\" loading=\"lazy\" \/>\t\t\t\t\t\t\t\t\t\t\t\t\t\t\t<\/div>\n\t\t\t\t<\/div>\n\t\t\t\t\t<\/div>\n\t\t<\/div>\n\t\t\t\t\t<\/div>\n\t\t<\/section>\n\t\t\t\t\t<\/div>\n\t\t<\/div>\n\t\t\t\t\t<\/div>\n\t\t<\/section>\n\t\t\t\t<section class=\"elementor-section elementor-top-section elementor-element elementor-element-edfc953 elementor-section-boxed elementor-section-height-default elementor-section-height-default\" data-id=\"edfc953\" data-element_type=\"section\" data-e-type=\"section\" data-settings=\"{&quot;background_background&quot;:&quot;classic&quot;,&quot;animation&quot;:&quot;none&quot;}\">\n\t\t\t\t\t\t<div class=\"elementor-container elementor-column-gap-no\">\n\t\t\t\t\t<div class=\"elementor-column elementor-col-100 elementor-top-column elementor-element elementor-element-3d40b62\" data-id=\"3d40b62\" data-element_type=\"column\" data-e-type=\"column\">\n\t\t\t<div class=\"elementor-widget-wrap elementor-element-populated\">\n\t\t\t\t\t\t<section class=\"elementor-section elementor-inner-section elementor-element elementor-element-1d30299 elementor-section-boxed elementor-section-height-default elementor-section-height-default\" data-id=\"1d30299\" data-element_type=\"section\" data-e-type=\"section\">\n\t\t\t\t\t\t<div class=\"elementor-container elementor-column-gap-extended\">\n\t\t\t\t\t<div class=\"elementor-column elementor-col-100 elementor-inner-column elementor-element elementor-element-a76fe49\" data-id=\"a76fe49\" data-element_type=\"column\" data-e-type=\"column\">\n\t\t\t<div class=\"elementor-widget-wrap elementor-element-populated\">\n\t\t\t\t\t\t<div class=\"elementor-element elementor-element-a18f4d1 elementor-widget__width-initial elementor-widget elementor-widget-heading\" data-id=\"a18f4d1\" data-element_type=\"widget\" data-e-type=\"widget\" data-widget_type=\"heading.default\">\n\t\t\t\t<div class=\"elementor-widget-container\">\n\t\t\t\t\t<h3 class=\"elementor-heading-title elementor-size-default\">Educaci\u00f3n que acompa\u00f1a y transforma<\/h3>\t\t\t\t<\/div>\n\t\t\t\t<\/div>\n\t\t\t\t<div class=\"elementor-element elementor-element-a526b5b elementor-widget elementor-widget-text-editor\" data-id=\"a526b5b\" data-element_type=\"widget\" data-e-type=\"widget\" data-widget_type=\"text-editor.default\">\n\t\t\t\t<div class=\"elementor-widget-container\">\n\t\t\t\t\t\t\t\t\t<p>En el Colegio Alem\u00e1n de Barranquilla creemos en una educaci\u00f3n que <strong data-start=\"3220\" data-end=\"3248\">escucha, acompa\u00f1a y gu\u00eda<\/strong>. Nuestro equipo de orientaci\u00f3n trabaja en alianza con familias, docentes y directivos para garantizar el bienestar emocional, el \u00e9xito acad\u00e9mico y la preparaci\u00f3n vocacional de cada estudiante.<\/p>\t\t\t\t\t\t\t\t<\/div>\n\t\t\t\t<\/div>\n\t\t\t\t\t<\/div>\n\t\t<\/div>\n\t\t\t\t\t<\/div>\n\t\t<\/section>\n\t\t\t\t\t<\/div>\n\t\t<\/div>\n\t\t\t\t\t<\/div>\n\t\t<\/section>\n\t\t<div class=\"elementor-element elementor-element-4c2ba17 e-flex e-con-boxed elementor-invisible e-con e-parent\" data-id=\"4c2ba17\" data-element_type=\"container\" data-e-type=\"container\" data-settings=\"{&quot;animation&quot;:&quot;fadeIn&quot;}\">\n\t\t\t\t\t<div class=\"e-con-inner\">\n\t\t\t\t<div class=\"elementor-element elementor-element-43d4ec7 elementor-widget elementor-widget-text-editor\" data-id=\"43d4ec7\" data-element_type=\"widget\" data-e-type=\"widget\" data-widget_type=\"text-editor.default\">\n\t\t\t\t<div class=\"elementor-widget-container\">\n\t\t\t\t\t\t\t\t\t<h5><a href=\"https:\/\/admisiones.colegioaleman.edu.co\/\" target=\"_blank\" rel=\"noopener\"><span style=\"color: #000000;\"><span style=\"color: #666699;\">\ud83d\udc49 Agenda una visita para conocer nuestro modelo educativo<\/span><\/span><\/a><\/h5>\t\t\t\t\t\t\t\t<\/div>\n\t\t\t\t<\/div>\n\t\t\t\t\t<\/div>\n\t\t\t\t<\/div>\n\t\t<div class=\"elementor-element elementor-element-842d5e5 e-flex e-con-boxed e-con e-parent\" data-id=\"842d5e5\" data-element_type=\"container\" data-e-type=\"container\">\n\t\t\t\t\t<div class=\"e-con-inner\">\n\t\t\t\t<div class=\"elementor-element elementor-element-40ce675 elementor-widget-divider--view-line elementor-widget elementor-widget-divider\" data-id=\"40ce675\" data-element_type=\"widget\" data-e-type=\"widget\" data-widget_type=\"divider.default\">\n\t\t\t\t<div class=\"elementor-widget-container\">\n\t\t\t\t\t\t\t<div class=\"elementor-divider\">\n\t\t\t<span class=\"elementor-divider-separator\">\n\t\t\t\t\t\t<\/span>\n\t\t<\/div>\n\t\t\t\t\t\t<\/div>\n\t\t\t\t<\/div>\n\t\t\t\t\t<\/div>\n\t\t\t\t<\/div>\n\t\t\t\t<\/div>","protected":false},"excerpt":{"rendered":"<p>Orientaci\u00f3n Psicoeducativa integral en el Colegio Alem\u00e1n de Barranquilla En el Colegio Alem\u00e1n de Barranquilla entendemos que educar va mucho m\u00e1s all\u00e1 del aula. Por eso, contamos con un s\u00f3lido programa de Orientaci\u00f3n Psicoeducativa (OPE), dise\u00f1ado para acompa\u00f1ar a nuestros ni\u00f1os y j\u00f3venes en su desarrollo personal, acad\u00e9mico, emocional, vocacional y profesional, de manera constante [&hellip;]<\/p>\n","protected":false},"author":1,"featured_media":0,"parent":0,"menu_order":0,"comment_status":"closed","ping_status":"closed","template":"","meta":{"footnotes":""},"class_list":["post-1329","page","type-page","status-publish","hentry"],"yoast_head":"<!-- This site is optimized with the Yoast SEO plugin v27.4 - https:\/\/yoast.com\/product\/yoast-seo-wordpress\/ -->\n<title>Orientaci\u00f3n Psicoeducativa - Colegio Alem\u00e1n de Barranquilla<\/title>\n<meta name=\"robots\" content=\"index, follow, max-snippet:-1, max-image-preview:large, max-video-preview:-1\" \/>\n<link rel=\"canonical\" href=\"https:\/\/colegioaleman.edu.co\/de\/orientacion-psicoeducativa\/\" \/>\n<meta property=\"og:locale\" content=\"de_DE\" \/>\n<meta property=\"og:type\" content=\"article\" \/>\n<meta property=\"og:title\" content=\"Orientaci\u00f3n Psicoeducativa - Colegio Alem\u00e1n de Barranquilla\" \/>\n<meta property=\"og:description\" content=\"Orientaci\u00f3n Psicoeducativa integral en el Colegio Alem\u00e1n de Barranquilla En el Colegio Alem\u00e1n de Barranquilla entendemos que educar va mucho m\u00e1s all\u00e1 del aula. Por eso, contamos con un s\u00f3lido programa de Orientaci\u00f3n Psicoeducativa (OPE), dise\u00f1ado para acompa\u00f1ar a nuestros ni\u00f1os y j\u00f3venes en su desarrollo personal, acad\u00e9mico, emocional, vocacional y profesional, de manera constante [&hellip;]\" \/>\n<meta property=\"og:url\" content=\"https:\/\/colegioaleman.edu.co\/de\/orientacion-psicoeducativa\/\" \/>\n<meta property=\"og:site_name\" content=\"Colegio Alem\u00e1n de Barranquilla\" \/>\n<meta property=\"article:publisher\" content=\"https:\/\/www.facebook.com\/ColegioAlemanBaq\" \/>\n<meta property=\"article:modified_time\" content=\"2026-02-10T17:30:43+00:00\" \/>\n<meta property=\"og:image\" content=\"https:\/\/colegioaleman.edu.co\/wp-content\/uploads\/2025\/05\/Untitled-design-11.webp\" \/>\n<meta name=\"twitter:card\" content=\"summary_large_image\" \/>\n<meta name=\"twitter:label1\" content=\"Gesch\u00e4tzte Lesezeit\" \/>\n\t<meta name=\"twitter:data1\" content=\"3\u00a0Minuten\" \/>\n<script type=\"application\/ld+json\" class=\"yoast-schema-graph\">{\"@context\":\"https:\\\/\\\/schema.org\",\"@graph\":[{\"@type\":\"WebPage\",\"@id\":\"https:\\\/\\\/colegioaleman.edu.co\\\/orientacion-psicoeducativa\\\/\",\"url\":\"https:\\\/\\\/colegioaleman.edu.co\\\/orientacion-psicoeducativa\\\/\",\"name\":\"Orientaci\u00f3n Psicoeducativa - Colegio Alem\u00e1n de Barranquilla\",\"isPartOf\":{\"@id\":\"https:\\\/\\\/colegioaleman.edu.co\\\/#website\"},\"primaryImageOfPage\":{\"@id\":\"https:\\\/\\\/colegioaleman.edu.co\\\/orientacion-psicoeducativa\\\/#primaryimage\"},\"image\":{\"@id\":\"https:\\\/\\\/colegioaleman.edu.co\\\/orientacion-psicoeducativa\\\/#primaryimage\"},\"thumbnailUrl\":\"https:\\\/\\\/colegioaleman.edu.co\\\/wp-content\\\/uploads\\\/2025\\\/05\\\/Untitled-design-11.webp\",\"datePublished\":\"2025-05-23T18:41:21+00:00\",\"dateModified\":\"2026-02-10T17:30:43+00:00\",\"breadcrumb\":{\"@id\":\"https:\\\/\\\/colegioaleman.edu.co\\\/orientacion-psicoeducativa\\\/#breadcrumb\"},\"inLanguage\":\"de\",\"potentialAction\":[{\"@type\":\"ReadAction\",\"target\":[\"https:\\\/\\\/colegioaleman.edu.co\\\/orientacion-psicoeducativa\\\/\"]}]},{\"@type\":\"ImageObject\",\"inLanguage\":\"de\",\"@id\":\"https:\\\/\\\/colegioaleman.edu.co\\\/orientacion-psicoeducativa\\\/#primaryimage\",\"url\":\"https:\\\/\\\/colegioaleman.edu.co\\\/wp-content\\\/uploads\\\/2025\\\/05\\\/Untitled-design-11.webp\",\"contentUrl\":\"https:\\\/\\\/colegioaleman.edu.co\\\/wp-content\\\/uploads\\\/2025\\\/05\\\/Untitled-design-11.webp\"},{\"@type\":\"BreadcrumbList\",\"@id\":\"https:\\\/\\\/colegioaleman.edu.co\\\/orientacion-psicoeducativa\\\/#breadcrumb\",\"itemListElement\":[{\"@type\":\"ListItem\",\"position\":1,\"name\":\"Inicio\",\"item\":\"https:\\\/\\\/colegioaleman.edu.co\\\/\"},{\"@type\":\"ListItem\",\"position\":2,\"name\":\"Orientaci\u00f3n Psicoeducativa\"}]},{\"@type\":\"WebSite\",\"@id\":\"https:\\\/\\\/colegioaleman.edu.co\\\/#website\",\"url\":\"https:\\\/\\\/colegioaleman.edu.co\\\/\",\"name\":\"Colegio Alem\u00e1n de Barranquilla\",\"description\":\"Colegio Alem\u00e1n de Barranquilla - Educaci\u00f3n Triling\u00fce Internacional\",\"publisher\":{\"@id\":\"https:\\\/\\\/colegioaleman.edu.co\\\/#organization\"},\"potentialAction\":[{\"@type\":\"SearchAction\",\"target\":{\"@type\":\"EntryPoint\",\"urlTemplate\":\"https:\\\/\\\/colegioaleman.edu.co\\\/?s={search_term_string}\"},\"query-input\":{\"@type\":\"PropertyValueSpecification\",\"valueRequired\":true,\"valueName\":\"search_term_string\"}}],\"inLanguage\":\"de\"},{\"@type\":\"Organization\",\"@id\":\"https:\\\/\\\/colegioaleman.edu.co\\\/#organization\",\"name\":\"Colegio Alem\u00e1n de Barranquilla\",\"url\":\"https:\\\/\\\/colegioaleman.edu.co\\\/\",\"logo\":{\"@type\":\"ImageObject\",\"inLanguage\":\"de\",\"@id\":\"https:\\\/\\\/colegioaleman.edu.co\\\/#\\\/schema\\\/logo\\\/image\\\/\",\"url\":\"https:\\\/\\\/webcolegioalemanweb.s3.us-east-2.amazonaws.com\\\/wp-content\\\/uploads\\\/2025\\\/05\\\/19131621\\\/cropped-cropped-iguana-3.png\",\"contentUrl\":\"https:\\\/\\\/webcolegioalemanweb.s3.us-east-2.amazonaws.com\\\/wp-content\\\/uploads\\\/2025\\\/05\\\/19131621\\\/cropped-cropped-iguana-3.png\",\"width\":511,\"height\":360,\"caption\":\"Colegio Alem\u00e1n de Barranquilla\"},\"image\":{\"@id\":\"https:\\\/\\\/colegioaleman.edu.co\\\/#\\\/schema\\\/logo\\\/image\\\/\"},\"sameAs\":[\"https:\\\/\\\/www.facebook.com\\\/ColegioAlemanBaq\",\"https:\\\/\\\/www.instagram.com\\\/colegioalemanbaq\\\/\",\"https:\\\/\\\/www.youtube.com\\\/@Colegioalemanbaq\"]}]}<\/script>\n<!-- \/ Yoast SEO plugin. -->","yoast_head_json":{"title":"Orientaci\u00f3n Psicoeducativa - Colegio Alem\u00e1n de Barranquilla","robots":{"index":"index","follow":"follow","max-snippet":"max-snippet:-1","max-image-preview":"max-image-preview:large","max-video-preview":"max-video-preview:-1"},"canonical":"https:\/\/colegioaleman.edu.co\/de\/orientacion-psicoeducativa\/","og_locale":"de_DE","og_type":"article","og_title":"Orientaci\u00f3n Psicoeducativa - Colegio Alem\u00e1n de Barranquilla","og_description":"Orientaci\u00f3n Psicoeducativa integral en el Colegio Alem\u00e1n de Barranquilla En el Colegio Alem\u00e1n de Barranquilla entendemos que educar va mucho m\u00e1s all\u00e1 del aula. Por eso, contamos con un s\u00f3lido programa de Orientaci\u00f3n Psicoeducativa (OPE), dise\u00f1ado para acompa\u00f1ar a nuestros ni\u00f1os y j\u00f3venes en su desarrollo personal, acad\u00e9mico, emocional, vocacional y profesional, de manera constante [&hellip;]","og_url":"https:\/\/colegioaleman.edu.co\/de\/orientacion-psicoeducativa\/","og_site_name":"Colegio Alem\u00e1n de Barranquilla","article_publisher":"https:\/\/www.facebook.com\/ColegioAlemanBaq","article_modified_time":"2026-02-10T17:30:43+00:00","og_image":[{"url":"https:\/\/colegioaleman.edu.co\/wp-content\/uploads\/2025\/05\/Untitled-design-11.webp","type":"","width":"","height":""}],"twitter_card":"summary_large_image","twitter_misc":{"Gesch\u00e4tzte Lesezeit":"3\u00a0Minuten"},"schema":{"@context":"https:\/\/schema.org","@graph":[{"@type":"WebPage","@id":"https:\/\/colegioaleman.edu.co\/orientacion-psicoeducativa\/","url":"https:\/\/colegioaleman.edu.co\/orientacion-psicoeducativa\/","name":"Orientaci\u00f3n Psicoeducativa - Colegio Alem\u00e1n de Barranquilla","isPartOf":{"@id":"https:\/\/colegioaleman.edu.co\/#website"},"primaryImageOfPage":{"@id":"https:\/\/colegioaleman.edu.co\/orientacion-psicoeducativa\/#primaryimage"},"image":{"@id":"https:\/\/colegioaleman.edu.co\/orientacion-psicoeducativa\/#primaryimage"},"thumbnailUrl":"https:\/\/colegioaleman.edu.co\/wp-content\/uploads\/2025\/05\/Untitled-design-11.webp","datePublished":"2025-05-23T18:41:21+00:00","dateModified":"2026-02-10T17:30:43+00:00","breadcrumb":{"@id":"https:\/\/colegioaleman.edu.co\/orientacion-psicoeducativa\/#breadcrumb"},"inLanguage":"de","potentialAction":[{"@type":"ReadAction","target":["https:\/\/colegioaleman.edu.co\/orientacion-psicoeducativa\/"]}]},{"@type":"ImageObject","inLanguage":"de","@id":"https:\/\/colegioaleman.edu.co\/orientacion-psicoeducativa\/#primaryimage","url":"https:\/\/colegioaleman.edu.co\/wp-content\/uploads\/2025\/05\/Untitled-design-11.webp","contentUrl":"https:\/\/colegioaleman.edu.co\/wp-content\/uploads\/2025\/05\/Untitled-design-11.webp"},{"@type":"BreadcrumbList","@id":"https:\/\/colegioaleman.edu.co\/orientacion-psicoeducativa\/#breadcrumb","itemListElement":[{"@type":"ListItem","position":1,"name":"Inicio","item":"https:\/\/colegioaleman.edu.co\/"},{"@type":"ListItem","position":2,"name":"Orientaci\u00f3n Psicoeducativa"}]},{"@type":"WebSite","@id":"https:\/\/colegioaleman.edu.co\/#website","url":"https:\/\/colegioaleman.edu.co\/","name":"Deutsche Schule Barranquilla","description":"Colegio Alem\u00e1n de Barranquilla - Educaci\u00f3n Triling\u00fce Internacional","publisher":{"@id":"https:\/\/colegioaleman.edu.co\/#organization"},"potentialAction":[{"@type":"SearchAction","target":{"@type":"EntryPoint","urlTemplate":"https:\/\/colegioaleman.edu.co\/?s={search_term_string}"},"query-input":{"@type":"PropertyValueSpecification","valueRequired":true,"valueName":"search_term_string"}}],"inLanguage":"de"},{"@type":"Organization","@id":"https:\/\/colegioaleman.edu.co\/#organization","name":"Deutsche Schule Barranquilla","url":"https:\/\/colegioaleman.edu.co\/","logo":{"@type":"ImageObject","inLanguage":"de","@id":"https:\/\/colegioaleman.edu.co\/#\/schema\/logo\/image\/","url":"https:\/\/webcolegioalemanweb.s3.us-east-2.amazonaws.com\/wp-content\/uploads\/2025\/05\/19131621\/cropped-cropped-iguana-3.png","contentUrl":"https:\/\/webcolegioalemanweb.s3.us-east-2.amazonaws.com\/wp-content\/uploads\/2025\/05\/19131621\/cropped-cropped-iguana-3.png","width":511,"height":360,"caption":"Colegio Alem\u00e1n de Barranquilla"},"image":{"@id":"https:\/\/colegioaleman.edu.co\/#\/schema\/logo\/image\/"},"sameAs":["https:\/\/www.facebook.com\/ColegioAlemanBaq","https:\/\/www.instagram.com\/colegioalemanbaq\/","https:\/\/www.youtube.com\/@Colegioalemanbaq"]}]}},"_links":{"self":[{"href":"https:\/\/colegioaleman.edu.co\/de\/wp-json\/wp\/v2\/pages\/1329","targetHints":{"allow":["GET"]}}],"collection":[{"href":"https:\/\/colegioaleman.edu.co\/de\/wp-json\/wp\/v2\/pages"}],"about":[{"href":"https:\/\/colegioaleman.edu.co\/de\/wp-json\/wp\/v2\/types\/page"}],"author":[{"embeddable":true,"href":"https:\/\/colegioaleman.edu.co\/de\/wp-json\/wp\/v2\/users\/1"}],"replies":[{"embeddable":true,"href":"https:\/\/colegioaleman.edu.co\/de\/wp-json\/wp\/v2\/comments?post=1329"}],"version-history":[{"count":5,"href":"https:\/\/colegioaleman.edu.co\/de\/wp-json\/wp\/v2\/pages\/1329\/revisions"}],"predecessor-version":[{"id":3625,"href":"https:\/\/colegioaleman.edu.co\/de\/wp-json\/wp\/v2\/pages\/1329\/revisions\/3625"}],"wp:attachment":[{"href":"https:\/\/colegioaleman.edu.co\/de\/wp-json\/wp\/v2\/media?parent=1329"}],"curies":[{"name":"wp","href":"https:\/\/api.w.org\/{rel}","templated":true}]}}